{"id":10339,"date":"2024-01-19T15:26:46","date_gmt":"2024-01-19T14:26:46","guid":{"rendered":"https:\/\/gute-quellen.koeln\/?page_id=10339"},"modified":"2024-01-20T20:38:46","modified_gmt":"2024-01-20T19:38:46","slug":"kirchen-und-sozialverbaende","status":"publish","type":"page","link":"https:\/\/gute-quellen.koeln\/ru\/weitere-hilfen\/beratung-in-koeln\/kirchen-und-sozialverbaende\/","title":{"rendered":"\u0426\u0435\u0440\u043a\u043e\u0432\u043d\u044b\u0435 \u0438 \u043e\u0431\u0449\u0435\u0441\u0442\u0432\u0435\u043d\u043d\u044b\u0435 \u043e\u0440\u0433\u0430\u043d\u0438\u0437\u0430\u0446\u0438\u0438"},"content":{"rendered":"\t\t<div data-elementor-type=\"wp-page\" data-elementor-id=\"10339\" class=\"elementor elementor-10339\" data-elementor-post-type=\"page\">\n\t\t\t\t<div class=\"elementor-element elementor-element-273b701 e-flex e-con-boxed e-con e-parent\" data-id=\"273b701\" data-element_type=\"container\" data-e-type=\"container\" data-settings=\"{&quot;background_background&quot;:&quot;classic&quot;}\">\n\t\t\t\t\t<div class=\"e-con-inner\">\n\t\t\t\t<div class=\"elementor-element elementor-element-bd4eb6b elementor-widget elementor-widget-breadcrumbs\" data-id=\"bd4eb6b\" data-element_type=\"widget\" data-e-type=\"widget\" data-widget_type=\"breadcrumbs.default\">\n\t\t\t\t<div class=\"elementor-widget-container\">\n\t\t\t\t\t<p id=\"breadcrumbs\"><span><span><a href=\"https:\/\/gute-quellen.koeln\/\">Startseite<\/a><\/span><\/span><\/p>\t\t\t\t<\/div>\n\t\t\t\t<\/div>\n\t\t\t\t\t<\/div>\n\t\t\t\t<\/div>\n\t\t<div class=\"elementor-element elementor-element-3a375a6 e-flex e-con-boxed e-con e-parent\" data-id=\"3a375a6\" data-element_type=\"container\" data-e-type=\"container\" data-settings=\"{&quot;background_background&quot;:&quot;classic&quot;}\">\n\t\t\t\t\t<div class=\"e-con-inner\">\n\t\t\t\t\t<\/div>\n\t\t\t\t<\/div>\n\t\t<div class=\"elementor-element elementor-element-fc5c2bc elementor-hidden-tablet elementor-hidden-mobile e-flex e-con-boxed e-con e-parent\" data-id=\"fc5c2bc\" data-element_type=\"container\" data-e-type=\"container\">\n\t\t\t\t\t<div class=\"e-con-inner\">\n\t\t<div class=\"elementor-element elementor-element-c10fc0f e-flex e-con-boxed e-con e-child\" data-id=\"c10fc0f\" data-element_type=\"container\" data-e-type=\"container\">\n\t\t\t\t\t<div class=\"e-con-inner\">\n\t\t\t\t<div class=\"elementor-element elementor-element-9e90f74 elementor-widget elementor-widget-heading\" data-id=\"9e90f74\" data-element_type=\"widget\" data-e-type=\"widget\" data-widget_type=\"heading.default\">\n\t\t\t\t<div class=\"elementor-widget-container\">\n\t\t\t\t\t<h2 class=\"elementor-heading-title elementor-size-default\">Kirchen- und Sozialverb\u00e4nde\n<\/h2>\t\t\t\t<\/div>\n\t\t\t\t<\/div>\n\t\t\t\t<div class=\"elementor-element elementor-element-f8dabb4 elementor-widget elementor-widget-text-editor\" data-id=\"f8dabb4\" data-element_type=\"widget\" data-e-type=\"widget\" data-widget_type=\"text-editor.default\">\n\t\t\t\t<div class=\"elementor-widget-container\">\n\t\t\t\t\t\t\t\t\tDie <em>\u201cFachstelle Wohnen, wirtschaftliche Hilfen, ResoDienste\u201d<\/em> vom Sozialamt bietet Unterst\u00fctzung f\u00fcr Menschen in K\u00f6ln, die mit Wohnungsproblemen konfrontiert sind oder in anderen schwierigen Lebenssituationen Hilfe ben\u00f6tigen.\n<br><br>\nDazu geh\u00f6ren finanzielle Hilfen, Beratung bei Wohnproblemen, Unterst\u00fctzung f\u00fcr Obdachlose und Personen, die soziale Schwierigkeiten bew\u00e4ltigen m\u00fcssen.\t\t\t\t\t\t\t\t<\/div>\n\t\t\t\t<\/div>\n\t\t\t\t<div class=\"elementor-element elementor-element-e6e74d0 elementor-view-default elementor-widget elementor-widget-icon\" data-id=\"e6e74d0\" data-element_type=\"widget\" data-e-type=\"widget\" data-settings=\"{&quot;motion_fx_translateY_effect&quot;:&quot;yes&quot;,&quot;motion_fx_translateY_direction&quot;:&quot;negative&quot;,&quot;motion_fx_translateY_speed&quot;:{&quot;unit&quot;:&quot;px&quot;,&quot;size&quot;:0.7,&quot;sizes&quot;:[]},&quot;motion_fx_range&quot;:&quot;viewport&quot;,&quot;motion_fx_motion_fx_scrolling&quot;:&quot;yes&quot;,&quot;motion_fx_translateY_affectedRange&quot;:{&quot;unit&quot;:&quot;%&quot;,&quot;size&quot;:&quot;&quot;,&quot;sizes&quot;:{&quot;start&quot;:0,&quot;end&quot;:60}},&quot;motion_fx_devices&quot;:[&quot;desktop&quot;,&quot;tablet&quot;,&quot;mobile&quot;]}\" data-widget_type=\"icon.default\">\n\t\t\t\t<div class=\"elementor-widget-container\">\n\t\t\t\t\t\t\t<div class=\"elementor-icon-wrapper\">\n\t\t\t<a class=\"elementor-icon\" href=\"#first\">\n\t\t\t<svg aria-hidden=\"true\" class=\"e-font-icon-svg e-fas-chevron-down\" viewBox=\"0 0 448 512\" xmlns=\"http:\/\/www.w3.org\/2000\/svg\"><path d=\"M207.029 381.476L12.686 187.132c-9.373-9.373-9.373-24.569 0-33.941l22.667-22.667c9.357-9.357 24.522-9.375 33.901-.04L224 284.505l154.745-154.021c9.379-9.335 24.544-9.317 33.901.04l22.667 22.667c9.373 9.373 9.373 24.569 0 33.941L240.971 381.476c-9.373 9.372-24.569 9.372-33.942 0z\"><\/path><\/svg>\t\t\t<\/a>\n\t\t<\/div>\n\t\t\t\t\t\t<\/div>\n\t\t\t\t<\/div>\n\t\t\t\t\t<\/div>\n\t\t\t\t<\/div>\n\t\t\t\t\t<\/div>\n\t\t\t\t<\/div>\n\t\t<div class=\"elementor-element elementor-element-cc7a557 elementor-hidden-tablet elementor-hidden-mobile e-flex e-con-boxed e-con e-parent\" data-id=\"cc7a557\" data-element_type=\"container\" data-e-type=\"container\">\n\t\t\t\t\t<div class=\"e-con-inner\">\n\t\t\t\t<div class=\"elementor-element elementor-element-d424b96 elementor-widget elementor-widget-menu-anchor\" data-id=\"d424b96\" data-element_type=\"widget\" data-e-type=\"widget\" data-widget_type=\"menu-anchor.default\">\n\t\t\t\t<div class=\"elementor-widget-container\">\n\t\t\t\t\t\t\t<div class=\"elementor-menu-anchor\" id=\"first\"><\/div>\n\t\t\t\t\t\t<\/div>\n\t\t\t\t<\/div>\n\t\t<div class=\"elementor-element elementor-element-ffc4b1c e-con-full elementor-hidden-tablet elementor-hidden-mobile e-flex e-con e-child\" data-id=\"ffc4b1c\" data-element_type=\"container\" data-e-type=\"container\" data-settings=\"{&quot;background_background&quot;:&quot;classic&quot;,&quot;motion_fx_motion_fx_scrolling&quot;:&quot;yes&quot;,&quot;motion_fx_translateY_effect&quot;:&quot;yes&quot;,&quot;motion_fx_translateY_speed&quot;:{&quot;unit&quot;:&quot;px&quot;,&quot;size&quot;:4,&quot;sizes&quot;:[]},&quot;motion_fx_translateY_affectedRange&quot;:{&quot;unit&quot;:&quot;%&quot;,&quot;size&quot;:&quot;&quot;,&quot;sizes&quot;:{&quot;start&quot;:0,&quot;end&quot;:100}},&quot;motion_fx_devices&quot;:[&quot;desktop&quot;,&quot;tablet&quot;,&quot;mobile&quot;]}\">\n\t\t<div class=\"elementor-element elementor-element-fbf359a e-con-full e-flex e-con e-child\" data-id=\"fbf359a\" data-element_type=\"container\" data-e-type=\"container\">\n\t\t\t\t<div class=\"elementor-element elementor-element-7de006f elementor-widget elementor-widget-heading\" data-id=\"7de006f\" data-element_type=\"widget\" data-e-type=\"widget\" data-widget_type=\"heading.default\">\n\t\t\t\t<div class=\"elementor-widget-container\">\n\t\t\t\t\t<h3 class=\"elementor-heading-title elementor-size-default\">F\u00fcr wen ist Wohngeld gedacht?\n<\/h3>\t\t\t\t<\/div>\n\t\t\t\t<\/div>\n\t\t\t\t<div class=\"elementor-element elementor-element-5d7625b elementor-widget elementor-widget-text-editor\" data-id=\"5d7625b\" data-element_type=\"widget\" data-e-type=\"widget\" data-widget_type=\"text-editor.default\">\n\t\t\t\t<div class=\"elementor-widget-container\">\n\t\t\t\t\t\t\t\t\tWohngeldberechtigt sind Mieter, Untermieter, Bewohner von Heimen, Genossenschaftsmitglieder, Eigent\u00fcmer von Mehrfamilienh\u00e4usern oder Wohnungen. Es ist f\u00fcr Personen gedacht, die ihre Wohnkosten selbst tragen.\t\t\t\t\t\t\t\t<\/div>\n\t\t\t\t<\/div>\n\t\t\t\t<div class=\"elementor-element elementor-element-765f24a elementor-widget elementor-widget-heading\" data-id=\"765f24a\" data-element_type=\"widget\" data-e-type=\"widget\" data-widget_type=\"heading.default\">\n\t\t\t\t<div class=\"elementor-widget-container\">\n\t\t\t\t\t<h3 class=\"elementor-heading-title elementor-size-default\">Ab wann Sie wohngeldberechtigt sind<\/h3>\t\t\t\t<\/div>\n\t\t\t\t<\/div>\n\t\t\t\t<div class=\"elementor-element elementor-element-43ea3ad elementor-widget elementor-widget-text-editor\" data-id=\"43ea3ad\" data-element_type=\"widget\" data-e-type=\"widget\" data-widget_type=\"text-editor.default\">\n\t\t\t\t<div class=\"elementor-widget-container\">\n\t\t\t\t\t\t\t\t\tSie sind berechtigt, wenn Ihr Einkommen bestimmte Grenzen nicht \u00fcberschreitet. Diese Grenzen h\u00e4ngen von Ihrer Haushaltsgr\u00f6\u00dfe und Ihren Wohnkosten ab. Seit 2023 gibt es erh\u00f6hte Einkommensgrenzen und zus\u00e4tzliche Zusch\u00fcsse, die mehr Menschen Zugang zu Wohngeld erm\u00f6glichen.<br><Br>\nBeachten Sie, dass das zust\u00e4ndige Amt die Zusage und H\u00f6he des Wohngeldes bestimmt.\n\t\t\t\t\t\t\t\t<\/div>\n\t\t\t\t<\/div>\n\t\t\t\t<div class=\"elementor-element elementor-element-f5b7d78 elementor-widget elementor-widget-heading\" data-id=\"f5b7d78\" data-element_type=\"widget\" data-e-type=\"widget\" data-widget_type=\"heading.default\">\n\t\t\t\t<div class=\"elementor-widget-container\">\n\t\t\t\t\t<h2 class=\"elementor-heading-title elementor-size-default\">Antragsverfahren<\/h2>\t\t\t\t<\/div>\n\t\t\t\t<\/div>\n\t\t\t\t<div class=\"elementor-element elementor-element-1337e14 elementor-widget elementor-widget-text-editor\" data-id=\"1337e14\" data-element_type=\"widget\" data-e-type=\"widget\" data-widget_type=\"text-editor.default\">\n\t\t\t\t<div class=\"elementor-widget-container\">\n\t\t\t\t\t\t\t\t\t<span style=\"font-weight: 400;\">F\u00fcr das Antragsverfahren sind grundlegend folgende Informationen und Nachweise erforderlich:<\/span>\n<ul>\n \t<li style=\"font-weight: 400;\" aria-level=\"1\"><span style=\"font-weight: 400;\">Einkommensnachweise<\/span><\/li>\n \t<li style=\"font-weight: 400;\" aria-level=\"1\"><span style=\"font-weight: 400;\">Informationen \u00fcber Ihre Wohnsituation, inklusive Mietvertrag oder Vermieterbescheinigung<\/span><\/li>\n \t<li style=\"font-weight: 400;\" aria-level=\"1\"><span style=\"font-weight: 400;\">Nachweis regelm\u00e4\u00dfiger Mietzahlungen.<\/span><\/li>\n<\/ul>\n&nbsp;\n<div>Schlussendlich sind die eingereichten Formulare entscheidend. Die Wohngeldstelle ber\u00e4t Sie dabei gern.<\/div>\n<div><\/div>\t\t\t\t\t\t\t\t<\/div>\n\t\t\t\t<\/div>\n\t\t\t\t<\/div>\n\t\t<div class=\"elementor-element elementor-element-edb09e1 e-con-full e-flex e-con e-child\" data-id=\"edb09e1\" data-element_type=\"container\" data-e-type=\"container\" data-settings=\"{&quot;background_background&quot;:&quot;classic&quot;,&quot;position&quot;:&quot;absolute&quot;}\">\n\t\t\t\t<div class=\"elementor-element elementor-element-ceb7166 elementor-widget elementor-widget-heading\" data-id=\"ceb7166\" data-element_type=\"widget\" data-e-type=\"widget\" data-widget_type=\"heading.default\">\n\t\t\t\t<div class=\"elementor-widget-container\">\n\t\t\t\t\t<p class=\"elementor-heading-title elementor-size-default\">Direkt zur Quelle:<\/p>\t\t\t\t<\/div>\n\t\t\t\t<\/div>\n\t\t\t\t<div class=\"elementor-element elementor-element-8415074 elementor-widget elementor-widget-heading\" data-id=\"8415074\" data-element_type=\"widget\" data-e-type=\"widget\" data-widget_type=\"heading.default\">\n\t\t\t\t<div class=\"elementor-widget-container\">\n\t\t\t\t\t<h2 class=\"elementor-heading-title elementor-size-default\">Kirchen- und Sozialverb\u00e4nde in K\u00f6ln<\/h2>\t\t\t\t<\/div>\n\t\t\t\t<\/div>\n\t\t\t\t<div class=\"elementor-element elementor-element-bc1ccbe elementor-widget elementor-widget-button\" data-id=\"bc1ccbe\" data-element_type=\"widget\" data-e-type=\"widget\" data-widget_type=\"button.default\">\n\t\t\t\t<div class=\"elementor-widget-container\">\n\t\t\t\t\t\t\t\t\t<div class=\"elementor-button-wrapper\">\n\t\t\t\t\t<a class=\"elementor-button elementor-button-link elementor-size-lg\" href=\"https:\/\/www.stadt-koeln.de\/artikel\/07777\/index.html\" target=\"_blank\" id=\"cta-wohngeld\">\n\t\t\t\t\t\t<span class=\"elementor-button-content-wrapper\">\n\t\t\t\t\t\t<span class=\"elementor-button-icon\">\n\t\t\t\t<svg aria-hidden=\"true\" class=\"e-font-icon-svg e-fas-external-link-alt\" viewBox=\"0 0 512 512\" xmlns=\"http:\/\/www.w3.org\/2000\/svg\"><path d=\"M432,320H400a16,16,0,0,0-16,16V448H64V128H208a16,16,0,0,0,16-16V80a16,16,0,0,0-16-16H48A48,48,0,0,0,0,112V464a48,48,0,0,0,48,48H400a48,48,0,0,0,48-48V336A16,16,0,0,0,432,320ZM488,0h-128c-21.37,0-32.05,25.91-17,41l35.73,35.73L135,320.37a24,24,0,0,0,0,34L157.67,377a24,24,0,0,0,34,0L435.28,133.32,471,169c15,15,41,4.5,41-17V24A24,24,0,0,0,488,0Z\"><\/path><\/svg>\t\t\t<\/span>\n\t\t\t\t\t\t\t\t\t<span class=\"elementor-button-text\">Zu den Verb\u00e4nden<\/span>\n\t\t\t\t\t<\/span>\n\t\t\t\t\t<\/a>\n\t\t\t\t<\/div>\n\t\t\t\t\t\t\t\t<\/div>\n\t\t\t\t<\/div>\n\t\t\t\t<\/div>\n\t\t<div class=\"elementor-element elementor-element-49c24ae e-con-full elementor-hidden-desktop elementor-hidden-tablet elementor-hidden-mobile e-flex e-con e-child\" data-id=\"49c24ae\" data-element_type=\"container\" data-e-type=\"container\" data-settings=\"{&quot;background_background&quot;:&quot;classic&quot;,&quot;position&quot;:&quot;absolute&quot;}\">\n\t\t\t\t<div class=\"elementor-element elementor-element-32e3eb8 elementor-widget elementor-widget-heading\" data-id=\"32e3eb8\" data-element_type=\"widget\" data-e-type=\"widget\" data-widget_type=\"heading.default\">\n\t\t\t\t<div class=\"elementor-widget-container\">\n\t\t\t\t\t<h2 class=\"elementor-heading-title elementor-size-default\">H\u00e4ufige Fragen zum Wohngeld<\/h2>\t\t\t\t<\/div>\n\t\t\t\t<\/div>\n\t\t\t\t<div class=\"elementor-element elementor-element-832797f e-transform elementor-widget elementor-widget-button\" data-id=\"832797f\" data-element_type=\"widget\" data-e-type=\"widget\" data-settings=\"{&quot;_transform_scale_effect_hover&quot;:{&quot;unit&quot;:&quot;px&quot;,&quot;size&quot;:1.05,&quot;sizes&quot;:[]},&quot;_transform_scale_effect_hover_tablet&quot;:{&quot;unit&quot;:&quot;px&quot;,&quot;size&quot;:&quot;&quot;,&quot;sizes&quot;:[]},&quot;_transform_scale_effect_hover_mobile&quot;:{&quot;unit&quot;:&quot;px&quot;,&quot;size&quot;:&quot;&quot;,&quot;sizes&quot;:[]}}\" data-widget_type=\"button.default\">\n\t\t\t\t<div class=\"elementor-widget-container\">\n\t\t\t\t\t\t\t\t\t<div class=\"elementor-button-wrapper\">\n\t\t\t\t\t<a class=\"elementor-button elementor-button-link elementor-size-sm\" href=\"#faq\" target=\"_blank\">\n\t\t\t\t\t\t<span class=\"elementor-button-content-wrapper\">\n\t\t\t\t\t\t<span class=\"elementor-button-icon\">\n\t\t\t\t<svg aria-hidden=\"true\" class=\"e-font-icon-svg e-fas-chevron-right\" viewBox=\"0 0 320 512\" xmlns=\"http:\/\/www.w3.org\/2000\/svg\"><path d=\"M285.476 272.971L91.132 467.314c-9.373 9.373-24.569 9.373-33.941 0l-22.667-22.667c-9.357-9.357-9.375-24.522-.04-33.901L188.505 256 34.484 101.255c-9.335-9.379-9.317-24.544.04-33.901l22.667-22.667c9.373-9.373 24.569-9.373 33.941 0L285.475 239.03c9.373 9.372 9.373 24.568.001 33.941z\"><\/path><\/svg>\t\t\t<\/span>\n\t\t\t\t\t\t\t\t\t<span class=\"elementor-button-text\">mehr erfahren<\/span>\n\t\t\t\t\t<\/span>\n\t\t\t\t\t<\/a>\n\t\t\t\t<\/div>\n\t\t\t\t\t\t\t\t<\/div>\n\t\t\t\t<\/div>\n\t\t\t\t<\/div>\n\t\t\t\t<\/div>\n\t\t\t\t\t<\/div>\n\t\t\t\t<\/div>\n\t\t<div class=\"elementor-element elementor-element-b221a6f elementor-hidden-desktop e-flex e-con-boxed e-con e-parent\" data-id=\"b221a6f\" data-element_type=\"container\" data-e-type=\"container\">\n\t\t\t\t\t<div class=\"e-con-inner\">\n\t\t<div class=\"elementor-element elementor-element-a1a8af0 e-con-full elementor-hidden-desktop e-flex e-con e-child\" data-id=\"a1a8af0\" data-element_type=\"container\" data-e-type=\"container\" data-settings=\"{&quot;background_background&quot;:&quot;classic&quot;}\">\n\t\t<div class=\"elementor-element elementor-element-767e4ac e-con-full e-flex e-con e-child\" data-id=\"767e4ac\" data-element_type=\"container\" data-e-type=\"container\">\n\t\t\t\t<div class=\"elementor-element elementor-element-5e103f1 elementor-widget elementor-widget-heading\" data-id=\"5e103f1\" data-element_type=\"widget\" data-e-type=\"widget\" data-widget_type=\"heading.default\">\n\t\t\t\t<div class=\"elementor-widget-container\">\n\t\t\t\t\t<h2 class=\"elementor-heading-title elementor-size-default\">F\u00fcr wen ist Wohngeld gedacht?\n<\/h2>\t\t\t\t<\/div>\n\t\t\t\t<\/div>\n\t\t\t\t<div class=\"elementor-element elementor-element-c1d0a3d elementor-widget elementor-widget-text-editor\" data-id=\"c1d0a3d\" data-element_type=\"widget\" data-e-type=\"widget\" data-widget_type=\"text-editor.default\">\n\t\t\t\t<div class=\"elementor-widget-container\">\n\t\t\t\t\t\t\t\t\tWohngeldberechtigt sind Mieter, Untermieter, Bewohner von Heimen, Genossenschaftsmitglieder, Eigent\u00fcmer von Mehrfamilienh\u00e4usern oder Wohnungen. Es ist f\u00fcr Personen gedacht, die ihre Wohnkosten selbst tragen.\t\t\t\t\t\t\t\t<\/div>\n\t\t\t\t<\/div>\n\t\t\t\t<div class=\"elementor-element elementor-element-b4b9b05 elementor-widget elementor-widget-heading\" data-id=\"b4b9b05\" data-element_type=\"widget\" data-e-type=\"widget\" data-widget_type=\"heading.default\">\n\t\t\t\t<div class=\"elementor-widget-container\">\n\t\t\t\t\t<h2 class=\"elementor-heading-title elementor-size-default\">Ab wann Sie wohngeldberechtigt sind\n<\/h2>\t\t\t\t<\/div>\n\t\t\t\t<\/div>\n\t\t\t\t<div class=\"elementor-element elementor-element-ce72797 elementor-widget elementor-widget-text-editor\" data-id=\"ce72797\" data-element_type=\"widget\" data-e-type=\"widget\" data-widget_type=\"text-editor.default\">\n\t\t\t\t<div class=\"elementor-widget-container\">\n\t\t\t\t\t\t\t\t\tSie sind berechtigt, wenn Ihr Einkommen bestimmte Grenzen nicht \u00fcberschreitet. Diese Grenzen h\u00e4ngen von Ihrer Haushaltsgr\u00f6\u00dfe und Ihren Wohnkosten ab. Seit 2023 gibt es erh\u00f6hte Einkommensgrenzen (Wohngeld Plus) und zus\u00e4tzliche Zusch\u00fcsse, die mehr Menschen Zugang zu Wohngeld erm\u00f6glichen.\n<bR><bR>\nBeachten Sie, dass das zust\u00e4ndige Amt die Zusage und H\u00f6he des Wohngeldes bestimmt.\t\t\t\t\t\t\t\t<\/div>\n\t\t\t\t<\/div>\n\t\t\t\t<div class=\"elementor-element elementor-element-94afd5d elementor-widget elementor-widget-heading\" data-id=\"94afd5d\" data-element_type=\"widget\" data-e-type=\"widget\" data-widget_type=\"heading.default\">\n\t\t\t\t<div class=\"elementor-widget-container\">\n\t\t\t\t\t<h2 class=\"elementor-heading-title elementor-size-default\">Antragsverfahren<\/h2>\t\t\t\t<\/div>\n\t\t\t\t<\/div>\n\t\t\t\t<div class=\"elementor-element elementor-element-3513f2d elementor-widget elementor-widget-text-editor\" data-id=\"3513f2d\" data-element_type=\"widget\" data-e-type=\"widget\" data-widget_type=\"text-editor.default\">\n\t\t\t\t<div class=\"elementor-widget-container\">\n\t\t\t\t\t\t\t\t\t<span style=\"font-weight: 400;\">F\u00fcr das Antragsverfahren sind grundlegend folgende Informationen und Nachweise erforderlich:<\/span>\n<ul>\n \t<li style=\"font-weight: 400;\" aria-level=\"1\"><span style=\"font-weight: 400;\">Einkommensnachweise<\/span><\/li>\n \t<li style=\"font-weight: 400;\" aria-level=\"1\"><span style=\"font-weight: 400;\">Informationen \u00fcber Ihre Wohnsituation, inklusive Mietvertrag oder Vermieterbescheinigung<\/span><\/li>\n \t<li style=\"font-weight: 400;\" aria-level=\"1\"><span style=\"font-weight: 400;\">Nachweis regelm\u00e4\u00dfiger Mietzahlungen.<\/span><\/li>\n<\/ul>\n&nbsp;\n<div>Schlussendlich sind die eingereichten Formulare entscheidend. Die Wohngeldstelle ber\u00e4t Sie dabei gern.<\/div>\n<div><\/div>\t\t\t\t\t\t\t\t<\/div>\n\t\t\t\t<\/div>\n\t\t\t\t<\/div>\n\t\t<div class=\"elementor-element elementor-element-2b57af1 e-con-full e-flex e-con e-child\" data-id=\"2b57af1\" data-element_type=\"container\" data-e-type=\"container\" data-settings=\"{&quot;background_background&quot;:&quot;classic&quot;}\">\n\t\t\t\t<div class=\"elementor-element elementor-element-3501f45 elementor-widget elementor-widget-heading\" data-id=\"3501f45\" data-element_type=\"widget\" data-e-type=\"widget\" data-widget_type=\"heading.default\">\n\t\t\t\t<div class=\"elementor-widget-container\">\n\t\t\t\t\t<p class=\"elementor-heading-title elementor-size-default\">Direkt zur Quelle<\/p>\t\t\t\t<\/div>\n\t\t\t\t<\/div>\n\t\t\t\t<div class=\"elementor-element elementor-element-f7938dd elementor-widget elementor-widget-heading\" data-id=\"f7938dd\" data-element_type=\"widget\" data-e-type=\"widget\" data-widget_type=\"heading.default\">\n\t\t\t\t<div class=\"elementor-widget-container\">\n\t\t\t\t\t<h2 class=\"elementor-heading-title elementor-size-default\">Kirchen- und Sozialverb\u00e4nde in K\u00f6ln<\/h2>\t\t\t\t<\/div>\n\t\t\t\t<\/div>\n\t\t\t\t<div class=\"elementor-element elementor-element-db12ea3 elementor-hidden-desktop elementor-widget elementor-widget-button\" data-id=\"db12ea3\" data-element_type=\"widget\" data-e-type=\"widget\" data-widget_type=\"button.default\">\n\t\t\t\t<div class=\"elementor-widget-container\">\n\t\t\t\t\t\t\t\t\t<div class=\"elementor-button-wrapper\">\n\t\t\t\t\t<a class=\"elementor-button elementor-button-link elementor-size-md\" href=\"https:\/\/www.stadt-koeln.de\/service\/produkte\/00704\/index.html\" target=\"_blank\" id=\"cta-wohngeld\">\n\t\t\t\t\t\t<span class=\"elementor-button-content-wrapper\">\n\t\t\t\t\t\t<span class=\"elementor-button-icon\">\n\t\t\t\t<svg aria-hidden=\"true\" class=\"e-font-icon-svg e-fas-external-link-alt\" viewBox=\"0 0 512 512\" xmlns=\"http:\/\/www.w3.org\/2000\/svg\"><path d=\"M432,320H400a16,16,0,0,0-16,16V448H64V128H208a16,16,0,0,0,16-16V80a16,16,0,0,0-16-16H48A48,48,0,0,0,0,112V464a48,48,0,0,0,48,48H400a48,48,0,0,0,48-48V336A16,16,0,0,0,432,320ZM488,0h-128c-21.37,0-32.05,25.91-17,41l35.73,35.73L135,320.37a24,24,0,0,0,0,34L157.67,377a24,24,0,0,0,34,0L435.28,133.32,471,169c15,15,41,4.5,41-17V24A24,24,0,0,0,488,0Z\"><\/path><\/svg>\t\t\t<\/span>\n\t\t\t\t\t\t\t\t\t<span class=\"elementor-button-text\">Zu den Verb\u00e4nden<\/span>\n\t\t\t\t\t<\/span>\n\t\t\t\t\t<\/a>\n\t\t\t\t<\/div>\n\t\t\t\t\t\t\t\t<\/div>\n\t\t\t\t<\/div>\n\t\t\t\t<\/div>\n\t\t<div class=\"elementor-element elementor-element-2024e21 e-con-full elementor-hidden-desktop elementor-hidden-tablet elementor-hidden-mobile e-flex e-con e-child\" data-id=\"2024e21\" data-element_type=\"container\" data-e-type=\"container\" data-settings=\"{&quot;background_background&quot;:&quot;classic&quot;}\">\n\t\t\t\t<div class=\"elementor-element elementor-element-8f90e6e elementor-widget elementor-widget-heading\" data-id=\"8f90e6e\" data-element_type=\"widget\" data-e-type=\"widget\" data-widget_type=\"heading.default\">\n\t\t\t\t<div class=\"elementor-widget-container\">\n\t\t\t\t\t<h2 class=\"elementor-heading-title elementor-size-default\">H\u00e4ufige Fragen zum Wohngeld<\/h2>\t\t\t\t<\/div>\n\t\t\t\t<\/div>\n\t\t\t\t<div class=\"elementor-element elementor-element-13764d7 elementor-widget elementor-widget-button\" data-id=\"13764d7\" data-element_type=\"widget\" data-e-type=\"widget\" data-widget_type=\"button.default\">\n\t\t\t\t<div class=\"elementor-widget-container\">\n\t\t\t\t\t\t\t\t\t<div class=\"elementor-button-wrapper\">\n\t\t\t\t\t<a class=\"elementor-button elementor-button-link elementor-size-sm\" href=\"#faq\" target=\"_blank\">\n\t\t\t\t\t\t<span class=\"elementor-button-content-wrapper\">\n\t\t\t\t\t\t<span class=\"elementor-button-icon\">\n\t\t\t\t<svg aria-hidden=\"true\" class=\"e-font-icon-svg e-fas-chevron-right\" viewBox=\"0 0 320 512\" xmlns=\"http:\/\/www.w3.org\/2000\/svg\"><path d=\"M285.476 272.971L91.132 467.314c-9.373 9.373-24.569 9.373-33.941 0l-22.667-22.667c-9.357-9.357-9.375-24.522-.04-33.901L188.505 256 34.484 101.255c-9.335-9.379-9.317-24.544.04-33.901l22.667-22.667c9.373-9.373 24.569-9.373 33.941 0L285.475 239.03c9.373 9.372 9.373 24.568.001 33.941z\"><\/path><\/svg>\t\t\t<\/span>\n\t\t\t\t\t\t\t\t\t<span class=\"elementor-button-text\">mehr erfahren<\/span>\n\t\t\t\t\t<\/span>\n\t\t\t\t\t<\/a>\n\t\t\t\t<\/div>\n\t\t\t\t\t\t\t\t<\/div>\n\t\t\t\t<\/div>\n\t\t\t\t<\/div>\n\t\t\t\t<\/div>\n\t\t\t\t\t<\/div>\n\t\t\t\t<\/div>\n\t\t<div class=\"elementor-element elementor-element-d9e32cf e-flex e-con-boxed e-con e-parent\" data-id=\"d9e32cf\" data-element_type=\"container\" data-e-type=\"container\" data-settings=\"{&quot;background_background&quot;:&quot;classic&quot;}\">\n\t\t\t\t\t<div class=\"e-con-inner\">\n\t\t<div class=\"elementor-element elementor-element-07c28c5 e-con-full e-flex e-con e-child\" data-id=\"07c28c5\" data-element_type=\"container\" data-e-type=\"container\">\n\t\t\t\t<div class=\"elementor-element elementor-element-c5ddd03 elementor-widget elementor-widget-heading\" data-id=\"c5ddd03\" data-element_type=\"widget\" data-e-type=\"widget\" data-widget_type=\"heading.default\">\n\t\t\t\t<div class=\"elementor-widget-container\">\n\t\t\t\t\t<h2 class=\"elementor-heading-title elementor-size-default\">\u00c4nderungen im Wohngeldgesetz seit 2023<\/h2>\t\t\t\t<\/div>\n\t\t\t\t<\/div>\n\t\t\t\t<div class=\"elementor-element elementor-element-500bcd2 elementor-widget elementor-widget-text-editor\" data-id=\"500bcd2\" data-element_type=\"widget\" data-e-type=\"widget\" data-widget_type=\"text-editor.default\">\n\t\t\t\t<div class=\"elementor-widget-container\">\n\t\t\t\t\t\t\t\t\t<p>Seit 2023 gibt es neben dem Grundbetrag <strong>zus\u00e4tzliche Unterst\u00fctzung<\/strong> f\u00fcr Heizkosten und \u00f6kologische Wohnverbesserungen, was den Kreis der Berechtigten erweitert.<\/p>\t\t\t\t\t\t\t\t<\/div>\n\t\t\t\t<\/div>\n\t\t\t\t<div class=\"elementor-element elementor-element-d070fa8 elementor-widget elementor-widget-heading\" data-id=\"d070fa8\" data-element_type=\"widget\" data-e-type=\"widget\" data-widget_type=\"heading.default\">\n\t\t\t\t<div class=\"elementor-widget-container\">\n\t\t\t\t\t<h2 class=\"elementor-heading-title elementor-size-default\">Zusammenfassung\n<\/h2>\t\t\t\t<\/div>\n\t\t\t\t<\/div>\n\t\t\t\t<div class=\"elementor-element elementor-element-af011c5 elementor-widget elementor-widget-text-editor\" data-id=\"af011c5\" data-element_type=\"widget\" data-e-type=\"widget\" data-widget_type=\"text-editor.default\">\n\t\t\t\t<div class=\"elementor-widget-container\">\n\t\t\t\t\t\t\t\t\t<p>Wohngeld bietet eine wesentliche finanzielle Erleichterung f\u00fcr K\u00f6lnerinnen und K\u00f6lner mit niedrigem bis mittlerem Einkommen. Es unterst\u00fctzt bei der Deckung der Wohnkosten und sorgt f\u00fcr mehr Wohnsicherheit. Pr\u00fcfen Sie Ihre Berechtigung und nutzen Sie die Chance, diese wichtige Unterst\u00fctzung zu erhalten.<\/p><p>Wohngeld kann \u00fcber verschiedene Wege beantragt werden. Informieren Sie sich \u00fcber die genauen Schritte und notwendigen Unterlagen.<\/p><p><b>Alle wichtigen Adressen haben wir Ihnen hier zusammengetragen.<\/b><\/p>\t\t\t\t\t\t\t\t<\/div>\n\t\t\t\t<\/div>\n\t\t\t\t<\/div>\n\t\t<div class=\"elementor-element elementor-element-84b82df e-con-full e-flex e-con e-child\" data-id=\"84b82df\" data-element_type=\"container\" data-e-type=\"container\">\n\t\t\t\t<div class=\"elementor-element elementor-element-e156eb9 elementor-widget elementor-widget-image\" data-id=\"e156eb9\" data-element_type=\"widget\" data-e-type=\"widget\" data-widget_type=\"image.default\">\n\t\t\t\t<div class=\"elementor-widget-container\">\n\t\t\t\t\t\t\t\t\t\t\t\t\t\t\t<img fetchpriority=\"high\" decoding=\"async\" width=\"2376\" height=\"1336\" src=\"https:\/\/gute-quellen.koeln\/wp-content\/uploads\/2023\/12\/Bildschirmfoto-2023-12-04-um-18.32.10.jpeg\" class=\"attachment-full size-full wp-image-7425\" alt=\"\" srcset=\"https:\/\/gute-quellen.koeln\/wp-content\/uploads\/2023\/12\/Bildschirmfoto-2023-12-04-um-18.32.10.jpeg 2376w, https:\/\/gute-quellen.koeln\/wp-content\/uploads\/2023\/12\/Bildschirmfoto-2023-12-04-um-18.32.10-300x169.jpeg 300w, https:\/\/gute-quellen.koeln\/wp-content\/uploads\/2023\/12\/Bildschirmfoto-2023-12-04-um-18.32.10-1024x576.jpeg 1024w, https:\/\/gute-quellen.koeln\/wp-content\/uploads\/2023\/12\/Bildschirmfoto-2023-12-04-um-18.32.10-768x432.jpeg 768w, https:\/\/gute-quellen.koeln\/wp-content\/uploads\/2023\/12\/Bildschirmfoto-2023-12-04-um-18.32.10-1536x864.jpeg 1536w, https:\/\/gute-quellen.koeln\/wp-content\/uploads\/2023\/12\/Bildschirmfoto-2023-12-04-um-18.32.10-2048x1152.jpeg 2048w, https:\/\/gute-quellen.koeln\/wp-content\/uploads\/2023\/12\/Bildschirmfoto-2023-12-04-um-18.32.10-600x337.jpeg 600w, https:\/\/gute-quellen.koeln\/wp-content\/uploads\/2023\/12\/Bildschirmfoto-2023-12-04-um-18.32.10-560x315.jpeg 560w\" sizes=\"(max-width: 2376px) 100vw, 2376px\" \/>\t\t\t\t\t\t\t\t\t\t\t\t\t\t\t<\/div>\n\t\t\t\t<\/div>\n\t\t\t\t<\/div>\n\t\t\t\t\t<\/div>\n\t\t\t\t<\/div>\n\t\t<div class=\"elementor-element elementor-element-8fe48de e-flex e-con-boxed e-con e-parent\" data-id=\"8fe48de\" data-element_type=\"container\" data-e-type=\"container\">\n\t\t\t\t\t<div class=\"e-con-inner\">\n\t\t\t\t<div class=\"elementor-element elementor-element-ed2a3ff elementor-widget elementor-widget-heading\" data-id=\"ed2a3ff\" data-element_type=\"widget\" data-e-type=\"widget\" data-widget_type=\"heading.default\">\n\t\t\t\t<div class=\"elementor-widget-container\">\n\t\t\t\t\t<h2 class=\"elementor-heading-title elementor-size-default\">INFOBOX - Ihre Gute Quelle in K\u00f6ln:<\/h2>\t\t\t\t<\/div>\n\t\t\t\t<\/div>\n\t\t<div class=\"elementor-element elementor-element-398a76b e-con-full e-flex e-con e-child\" data-id=\"398a76b\" data-element_type=\"container\" data-e-type=\"container\" data-settings=\"{&quot;background_background&quot;:&quot;classic&quot;,&quot;shape_divider_top&quot;:&quot;split&quot;,&quot;shape_divider_bottom&quot;:&quot;split&quot;}\">\n\t\t\t\t<div class=\"elementor-shape elementor-shape-top\" aria-hidden=\"true\" data-negative=\"false\">\n\t\t\t<svg xmlns=\"http:\/\/www.w3.org\/2000\/svg\" viewBox=\"0 0 1000 20\" preserveAspectRatio=\"none\">\n\t<path class=\"elementor-shape-fill\" d=\"M0,0v3c0,0,393.8,0,483.4,0c9.2,0,16.6,7.4,16.6,16.6c0-9.1,7.4-16.6,16.6-16.6C606.2,3,1000,3,1000,3V0H0z\"\/>\n<\/svg>\t\t<\/div>\n\t\t\t\t<div class=\"elementor-shape elementor-shape-bottom\" aria-hidden=\"true\" data-negative=\"false\">\n\t\t\t<svg xmlns=\"http:\/\/www.w3.org\/2000\/svg\" viewBox=\"0 0 1000 20\" preserveAspectRatio=\"none\">\n\t<path class=\"elementor-shape-fill\" d=\"M0,0v3c0,0,393.8,0,483.4,0c9.2,0,16.6,7.4,16.6,16.6c0-9.1,7.4-16.6,16.6-16.6C606.2,3,1000,3,1000,3V0H0z\"\/>\n<\/svg>\t\t<\/div>\n\t\t<div class=\"elementor-element elementor-element-7df85f5 e-con-full e-flex e-con e-child\" data-id=\"7df85f5\" data-element_type=\"container\" data-e-type=\"container\">\n\t\t\t\t<div class=\"elementor-element elementor-element-c082790 elementor-widget elementor-widget-heading\" data-id=\"c082790\" data-element_type=\"widget\" data-e-type=\"widget\" data-widget_type=\"heading.default\">\n\t\t\t\t<div class=\"elementor-widget-container\">\n\t\t\t\t\t<h2 class=\"elementor-heading-title elementor-size-default\">Zentrale Wohngeldstelle der Stadt K\u00f6ln<\/h2>\t\t\t\t<\/div>\n\t\t\t\t<\/div>\n\t\t\t\t<div class=\"elementor-element elementor-element-cb150ce elementor-drop-cap-yes elementor-drop-cap-view-default elementor-widget elementor-widget-text-editor\" data-id=\"cb150ce\" data-element_type=\"widget\" data-e-type=\"widget\" data-settings=\"{&quot;drop_cap&quot;:&quot;yes&quot;}\" data-widget_type=\"text-editor.default\">\n\t\t\t\t<div class=\"elementor-widget-container\">\n\t\t\t\t\t\t\t\t\t<p><strong>Tel:<\/strong> <a href=\"tel:02212210\">0221 \/ 221-0<\/a><br \/><strong>Email: <\/strong><a href=\"mailto:poststelle-wohngeld@stadt-koeln.de\">poststelle-wohngeld@stadt-koeln.de<\/a><\/p><p><strong>Anschrift:<br \/><\/strong>Bezirksrathaus Lindenthal<br \/>Aachener Stra\u00dfe 220<br \/>50931 K\u00f6ln<\/p><p><strong>\u00d6ffnungszeiten:<br \/><\/strong>Montag, Dienstag und Donnerstag, 8 bis 12 Uhr und nach Vereinbarung.<\/p>\t\t\t\t\t\t\t\t<\/div>\n\t\t\t\t<\/div>\n\t\t\t\t<\/div>\n\t\t<div class=\"elementor-element elementor-element-3b8b106 e-con-full e-transform e-flex e-con e-child\" data-id=\"3b8b106\" data-element_type=\"container\" data-e-type=\"container\" data-settings=\"{&quot;_transform_scale_effect_hover&quot;:{&quot;unit&quot;:&quot;px&quot;,&quot;size&quot;:1.015,&quot;sizes&quot;:[]},&quot;_transform_scale_effect_hover_tablet&quot;:{&quot;unit&quot;:&quot;px&quot;,&quot;size&quot;:&quot;&quot;,&quot;sizes&quot;:[]},&quot;_transform_scale_effect_hover_mobile&quot;:{&quot;unit&quot;:&quot;px&quot;,&quot;size&quot;:&quot;&quot;,&quot;sizes&quot;:[]}}\">\n\t\t\t\t<div class=\"elementor-element elementor-element-15a321c elementor-widget elementor-widget-button\" data-id=\"15a321c\" data-element_type=\"widget\" data-e-type=\"widget\" data-widget_type=\"button.default\">\n\t\t\t\t<div class=\"elementor-widget-container\">\n\t\t\t\t\t\t\t\t\t<div class=\"elementor-button-wrapper\">\n\t\t\t\t\t<a class=\"elementor-button elementor-button-link elementor-size-lg\" href=\"https:\/\/www.stadt-koeln.de\/service\/produkte\/00704\/index.html\" id=\"cta-wohngeld\">\n\t\t\t\t\t\t<span class=\"elementor-button-content-wrapper\">\n\t\t\t\t\t\t<span class=\"elementor-button-icon\">\n\t\t\t\t<svg aria-hidden=\"true\" class=\"e-font-icon-svg e-fas-external-link-alt\" viewBox=\"0 0 512 512\" xmlns=\"http:\/\/www.w3.org\/2000\/svg\"><path d=\"M432,320H400a16,16,0,0,0-16,16V448H64V128H208a16,16,0,0,0,16-16V80a16,16,0,0,0-16-16H48A48,48,0,0,0,0,112V464a48,48,0,0,0,48,48H400a48,48,0,0,0,48-48V336A16,16,0,0,0,432,320ZM488,0h-128c-21.37,0-32.05,25.91-17,41l35.73,35.73L135,320.37a24,24,0,0,0,0,34L157.67,377a24,24,0,0,0,34,0L435.28,133.32,471,169c15,15,41,4.5,41-17V24A24,24,0,0,0,488,0Z\"><\/path><\/svg>\t\t\t<\/span>\n\t\t\t\t\t\t\t\t\t<span class=\"elementor-button-text\">Zur Wohngeldstelle der Stadt K\u00f6ln<\/span>\n\t\t\t\t\t<\/span>\n\t\t\t\t\t<\/a>\n\t\t\t\t<\/div>\n\t\t\t\t\t\t\t\t<\/div>\n\t\t\t\t<\/div>\n\t\t\t\t<\/div>\n\t\t\t\t<\/div>\n\t\t<div class=\"elementor-element elementor-element-b5b3493 e-con-full e-flex e-con e-child\" data-id=\"b5b3493\" data-element_type=\"container\" data-e-type=\"container\">\n\t\t<div class=\"elementor-element elementor-element-1d41cd7 e-con-full e-flex e-con e-child\" data-id=\"1d41cd7\" data-element_type=\"container\" data-e-type=\"container\" data-settings=\"{&quot;background_background&quot;:&quot;classic&quot;,&quot;shape_divider_top&quot;:&quot;split&quot;,&quot;shape_divider_bottom&quot;:&quot;split&quot;}\">\n\t\t\t\t<div class=\"elementor-shape elementor-shape-top\" aria-hidden=\"true\" data-negative=\"false\">\n\t\t\t<svg xmlns=\"http:\/\/www.w3.org\/2000\/svg\" viewBox=\"0 0 1000 20\" preserveAspectRatio=\"none\">\n\t<path class=\"elementor-shape-fill\" d=\"M0,0v3c0,0,393.8,0,483.4,0c9.2,0,16.6,7.4,16.6,16.6c0-9.1,7.4-16.6,16.6-16.6C606.2,3,1000,3,1000,3V0H0z\"\/>\n<\/svg>\t\t<\/div>\n\t\t\t\t<div class=\"elementor-shape elementor-shape-bottom\" aria-hidden=\"true\" data-negative=\"false\">\n\t\t\t<svg xmlns=\"http:\/\/www.w3.org\/2000\/svg\" viewBox=\"0 0 1000 20\" preserveAspectRatio=\"none\">\n\t<path class=\"elementor-shape-fill\" d=\"M0,0v3c0,0,393.8,0,483.4,0c9.2,0,16.6,7.4,16.6,16.6c0-9.1,7.4-16.6,16.6-16.6C606.2,3,1000,3,1000,3V0H0z\"\/>\n<\/svg>\t\t<\/div>\n\t\t\t\t<div class=\"elementor-element elementor-element-046dbf5 elementor-widget elementor-widget-heading\" data-id=\"046dbf5\" data-element_type=\"widget\" data-e-type=\"widget\" data-widget_type=\"heading.default\">\n\t\t\t\t<div class=\"elementor-widget-container\">\n\t\t\t\t\t<h2 class=\"elementor-heading-title elementor-size-default\">Hiflreiche Seiten zu Kirchen- und Sozialverb\u00e4nden <\/h2>\t\t\t\t<\/div>\n\t\t\t\t<\/div>\n\t\t<div class=\"elementor-element elementor-element-45c57eb e-con-full e-flex e-con e-child\" data-id=\"45c57eb\" data-element_type=\"container\" data-e-type=\"container\">\n\t\t<div class=\"elementor-element elementor-element-369d68e e-con-full e-flex e-con e-child\" data-id=\"369d68e\" data-element_type=\"container\" data-e-type=\"container\">\n\t\t\t\t<div class=\"elementor-element elementor-element-24fab6a e-transform elementor-widget elementor-widget-button\" data-id=\"24fab6a\" data-element_type=\"widget\" data-e-type=\"widget\" data-settings=\"{&quot;_transform_scale_effect_hover&quot;:{&quot;unit&quot;:&quot;px&quot;,&quot;size&quot;:1.02,&quot;sizes&quot;:[]},&quot;_transform_scale_effect_hover_tablet&quot;:{&quot;unit&quot;:&quot;px&quot;,&quot;size&quot;:&quot;&quot;,&quot;sizes&quot;:[]},&quot;_transform_scale_effect_hover_mobile&quot;:{&quot;unit&quot;:&quot;px&quot;,&quot;size&quot;:&quot;&quot;,&quot;sizes&quot;:[]}}\" data-widget_type=\"button.default\">\n\t\t\t\t<div class=\"elementor-widget-container\">\n\t\t\t\t\t\t\t\t\t<div class=\"elementor-button-wrapper\">\n\t\t\t\t\t<a class=\"elementor-button elementor-button-link elementor-size-md\" href=\"https:\/\/www.stadt-koeln.de\/service\/onlinedienste\/kontakt\/index.html?mt=560-31-03\" target=\"_blank\">\n\t\t\t\t\t\t<span class=\"elementor-button-content-wrapper\">\n\t\t\t\t\t\t<span class=\"elementor-button-icon\">\n\t\t\t\t<svg aria-hidden=\"true\" class=\"e-font-icon-svg e-fas-external-link-alt\" viewBox=\"0 0 512 512\" xmlns=\"http:\/\/www.w3.org\/2000\/svg\"><path d=\"M432,320H400a16,16,0,0,0-16,16V448H64V128H208a16,16,0,0,0,16-16V80a16,16,0,0,0-16-16H48A48,48,0,0,0,0,112V464a48,48,0,0,0,48,48H400a48,48,0,0,0,48-48V336A16,16,0,0,0,432,320ZM488,0h-128c-21.37,0-32.05,25.91-17,41l35.73,35.73L135,320.37a24,24,0,0,0,0,34L157.67,377a24,24,0,0,0,34,0L435.28,133.32,471,169c15,15,41,4.5,41-17V24A24,24,0,0,0,488,0Z\"><\/path><\/svg>\t\t\t<\/span>\n\t\t\t\t\t\t\t\t\t<span class=\"elementor-button-text\">Kontaktformular zur Wohngeldstelle der Stadt K\u00f6ln<\/span>\n\t\t\t\t\t<\/span>\n\t\t\t\t\t<\/a>\n\t\t\t\t<\/div>\n\t\t\t\t\t\t\t\t<\/div>\n\t\t\t\t<\/div>\n\t\t\t\t<div class=\"elementor-element elementor-element-f36d4fc e-transform elementor-widget elementor-widget-button\" data-id=\"f36d4fc\" data-element_type=\"widget\" data-e-type=\"widget\" data-settings=\"{&quot;_transform_scale_effect_hover&quot;:{&quot;unit&quot;:&quot;px&quot;,&quot;size&quot;:1.02,&quot;sizes&quot;:[]},&quot;_transform_scale_effect_hover_tablet&quot;:{&quot;unit&quot;:&quot;px&quot;,&quot;size&quot;:&quot;&quot;,&quot;sizes&quot;:[]},&quot;_transform_scale_effect_hover_mobile&quot;:{&quot;unit&quot;:&quot;px&quot;,&quot;size&quot;:&quot;&quot;,&quot;sizes&quot;:[]}}\" data-widget_type=\"button.default\">\n\t\t\t\t<div class=\"elementor-widget-container\">\n\t\t\t\t\t\t\t\t\t<div class=\"elementor-button-wrapper\">\n\t\t\t\t\t<a class=\"elementor-button elementor-button-link elementor-size-md\" href=\"https:\/\/www.wohngeldrechner.nrw.de\/wg\/wgrbhtml\/WGRBSTRT\" target=\"_blank\">\n\t\t\t\t\t\t<span class=\"elementor-button-content-wrapper\">\n\t\t\t\t\t\t<span class=\"elementor-button-icon\">\n\t\t\t\t<svg aria-hidden=\"true\" class=\"e-font-icon-svg e-fas-external-link-alt\" viewBox=\"0 0 512 512\" xmlns=\"http:\/\/www.w3.org\/2000\/svg\"><path d=\"M432,320H400a16,16,0,0,0-16,16V448H64V128H208a16,16,0,0,0,16-16V80a16,16,0,0,0-16-16H48A48,48,0,0,0,0,112V464a48,48,0,0,0,48,48H400a48,48,0,0,0,48-48V336A16,16,0,0,0,432,320ZM488,0h-128c-21.37,0-32.05,25.91-17,41l35.73,35.73L135,320.37a24,24,0,0,0,0,34L157.67,377a24,24,0,0,0,34,0L435.28,133.32,471,169c15,15,41,4.5,41-17V24A24,24,0,0,0,488,0Z\"><\/path><\/svg>\t\t\t<\/span>\n\t\t\t\t\t\t\t\t\t<span class=\"elementor-button-text\">Wohngeldrechner<\/span>\n\t\t\t\t\t<\/span>\n\t\t\t\t\t<\/a>\n\t\t\t\t<\/div>\n\t\t\t\t\t\t\t\t<\/div>\n\t\t\t\t<\/div>\n\t\t\t\t<div class=\"elementor-element elementor-element-de851c1 e-transform elementor-widget elementor-widget-button\" data-id=\"de851c1\" data-element_type=\"widget\" data-e-type=\"widget\" data-settings=\"{&quot;_transform_scale_effect_hover&quot;:{&quot;unit&quot;:&quot;px&quot;,&quot;size&quot;:1.02,&quot;sizes&quot;:[]},&quot;_transform_scale_effect_hover_tablet&quot;:{&quot;unit&quot;:&quot;px&quot;,&quot;size&quot;:&quot;&quot;,&quot;sizes&quot;:[]},&quot;_transform_scale_effect_hover_mobile&quot;:{&quot;unit&quot;:&quot;px&quot;,&quot;size&quot;:&quot;&quot;,&quot;sizes&quot;:[]}}\" data-widget_type=\"button.default\">\n\t\t\t\t<div class=\"elementor-widget-container\">\n\t\t\t\t\t\t\t\t\t<div class=\"elementor-button-wrapper\">\n\t\t\t\t\t<a class=\"elementor-button elementor-button-link elementor-size-md\" href=\"https:\/\/www.mhkbd.nrw\/themenportal\/wohngeld%20\" target=\"_blank\">\n\t\t\t\t\t\t<span class=\"elementor-button-content-wrapper\">\n\t\t\t\t\t\t<span class=\"elementor-button-icon\">\n\t\t\t\t<svg aria-hidden=\"true\" class=\"e-font-icon-svg e-fas-external-link-alt\" viewBox=\"0 0 512 512\" xmlns=\"http:\/\/www.w3.org\/2000\/svg\"><path d=\"M432,320H400a16,16,0,0,0-16,16V448H64V128H208a16,16,0,0,0,16-16V80a16,16,0,0,0-16-16H48A48,48,0,0,0,0,112V464a48,48,0,0,0,48,48H400a48,48,0,0,0,48-48V336A16,16,0,0,0,432,320ZM488,0h-128c-21.37,0-32.05,25.91-17,41l35.73,35.73L135,320.37a24,24,0,0,0,0,34L157.67,377a24,24,0,0,0,34,0L435.28,133.32,471,169c15,15,41,4.5,41-17V24A24,24,0,0,0,488,0Z\"><\/path><\/svg>\t\t\t<\/span>\n\t\t\t\t\t\t\t\t\t<span class=\"elementor-button-text\">Informationsseite NRW und Antr\u00e4ge<\/span>\n\t\t\t\t\t<\/span>\n\t\t\t\t\t<\/a>\n\t\t\t\t<\/div>\n\t\t\t\t\t\t\t\t<\/div>\n\t\t\t\t<\/div>\n\t\t\t\t<div class=\"elementor-element elementor-element-73ee4bb e-transform elementor-widget elementor-widget-button\" data-id=\"73ee4bb\" data-element_type=\"widget\" data-e-type=\"widget\" data-settings=\"{&quot;_transform_scale_effect_hover&quot;:{&quot;unit&quot;:&quot;px&quot;,&quot;size&quot;:1.02,&quot;sizes&quot;:[]},&quot;_transform_scale_effect_hover_tablet&quot;:{&quot;unit&quot;:&quot;px&quot;,&quot;size&quot;:&quot;&quot;,&quot;sizes&quot;:[]},&quot;_transform_scale_effect_hover_mobile&quot;:{&quot;unit&quot;:&quot;px&quot;,&quot;size&quot;:&quot;&quot;,&quot;sizes&quot;:[]}}\" data-widget_type=\"button.default\">\n\t\t\t\t<div class=\"elementor-widget-container\">\n\t\t\t\t\t\t\t\t\t<div class=\"elementor-button-wrapper\">\n\t\t\t\t\t<a class=\"elementor-button elementor-button-link elementor-size-md\" href=\"https:\/\/www.bmwsb.bund.de\/SharedDocs\/topthemen\/Webs\/BMWSB\/DE\/wohngeld-plus\/wohngeld-plus-artikel.html\" target=\"_blank\">\n\t\t\t\t\t\t<span class=\"elementor-button-content-wrapper\">\n\t\t\t\t\t\t<span class=\"elementor-button-icon\">\n\t\t\t\t<svg aria-hidden=\"true\" class=\"e-font-icon-svg e-fas-external-link-alt\" viewBox=\"0 0 512 512\" xmlns=\"http:\/\/www.w3.org\/2000\/svg\"><path d=\"M432,320H400a16,16,0,0,0-16,16V448H64V128H208a16,16,0,0,0,16-16V80a16,16,0,0,0-16-16H48A48,48,0,0,0,0,112V464a48,48,0,0,0,48,48H400a48,48,0,0,0,48-48V336A16,16,0,0,0,432,320ZM488,0h-128c-21.37,0-32.05,25.91-17,41l35.73,35.73L135,320.37a24,24,0,0,0,0,34L157.67,377a24,24,0,0,0,34,0L435.28,133.32,471,169c15,15,41,4.5,41-17V24A24,24,0,0,0,488,0Z\"><\/path><\/svg>\t\t\t<\/span>\n\t\t\t\t\t\t\t\t\t<span class=\"elementor-button-text\">Alles zu Wohngeld Plus<\/span>\n\t\t\t\t\t<\/span>\n\t\t\t\t\t<\/a>\n\t\t\t\t<\/div>\n\t\t\t\t\t\t\t\t<\/div>\n\t\t\t\t<\/div>\n\t\t\t\t<div class=\"elementor-element elementor-element-c45fd0a e-transform elementor-widget elementor-widget-button\" data-id=\"c45fd0a\" data-element_type=\"widget\" data-e-type=\"widget\" data-settings=\"{&quot;_transform_scale_effect_hover&quot;:{&quot;unit&quot;:&quot;px&quot;,&quot;size&quot;:1.02,&quot;sizes&quot;:[]},&quot;_transform_scale_effect_hover_tablet&quot;:{&quot;unit&quot;:&quot;px&quot;,&quot;size&quot;:&quot;&quot;,&quot;sizes&quot;:[]},&quot;_transform_scale_effect_hover_mobile&quot;:{&quot;unit&quot;:&quot;px&quot;,&quot;size&quot;:&quot;&quot;,&quot;sizes&quot;:[]}}\" data-widget_type=\"button.default\">\n\t\t\t\t<div class=\"elementor-widget-container\">\n\t\t\t\t\t\t\t\t\t<div class=\"elementor-button-wrapper\">\n\t\t\t\t\t<a class=\"elementor-button elementor-button-link elementor-size-md\" href=\"https:\/\/www.bmwsb.bund.de\/SharedDocs\/faqs\/Webs\/BMWSB\/DE\/wohnen\/wohngeld-plus-gesetz\/wohngeld-plus-liste.html\" target=\"_blank\">\n\t\t\t\t\t\t<span class=\"elementor-button-content-wrapper\">\n\t\t\t\t\t\t<span class=\"elementor-button-icon\">\n\t\t\t\t<svg aria-hidden=\"true\" class=\"e-font-icon-svg e-fas-external-link-alt\" viewBox=\"0 0 512 512\" xmlns=\"http:\/\/www.w3.org\/2000\/svg\"><path d=\"M432,320H400a16,16,0,0,0-16,16V448H64V128H208a16,16,0,0,0,16-16V80a16,16,0,0,0-16-16H48A48,48,0,0,0,0,112V464a48,48,0,0,0,48,48H400a48,48,0,0,0,48-48V336A16,16,0,0,0,432,320ZM488,0h-128c-21.37,0-32.05,25.91-17,41l35.73,35.73L135,320.37a24,24,0,0,0,0,34L157.67,377a24,24,0,0,0,34,0L435.28,133.32,471,169c15,15,41,4.5,41-17V24A24,24,0,0,0,488,0Z\"><\/path><\/svg>\t\t\t<\/span>\n\t\t\t\t\t\t\t\t\t<span class=\"elementor-button-text\">Fragen und Antworten (Bund)<\/span>\n\t\t\t\t\t<\/span>\n\t\t\t\t\t<\/a>\n\t\t\t\t<\/div>\n\t\t\t\t\t\t\t\t<\/div>\n\t\t\t\t<\/div>\n\t\t\t\t<\/div>\n\t\t\t\t<\/div>\n\t\t\t\t<\/div>\n\t\t\t\t<\/div>\n\t\t\t\t\t<\/div>\n\t\t\t\t<\/div>\n\t\t<div class=\"elementor-element elementor-element-2ec8530 e-flex e-con-boxed e-con e-parent\" data-id=\"2ec8530\" data-element_type=\"container\" data-e-type=\"container\" data-settings=\"{&quot;background_background&quot;:&quot;classic&quot;}\">\n\t\t\t\t\t<div class=\"e-con-inner\">\n\t\t<div class=\"elementor-element elementor-element-45a96fb e-con-full elementor-hidden-desktop elementor-hidden-tablet elementor-hidden-mobile e-flex e-con e-child\" data-id=\"45a96fb\" data-element_type=\"container\" data-e-type=\"container\">\n\t\t\t\t<div class=\"elementor-element elementor-element-5f7fe66 elementor-widget elementor-widget-menu-anchor\" data-id=\"5f7fe66\" data-element_type=\"widget\" data-e-type=\"widget\" data-widget_type=\"menu-anchor.default\">\n\t\t\t\t<div class=\"elementor-widget-container\">\n\t\t\t\t\t\t\t<div class=\"elementor-menu-anchor\" id=\"faq\"><\/div>\n\t\t\t\t\t\t<\/div>\n\t\t\t\t<\/div>\n\t\t\t\t<div class=\"elementor-element elementor-element-dd425f8 elementor-widget elementor-widget-heading\" data-id=\"dd425f8\" data-element_type=\"widget\" data-e-type=\"widget\" data-widget_type=\"heading.default\">\n\t\t\t\t<div class=\"elementor-widget-container\">\n\t\t\t\t\t<h2 class=\"elementor-heading-title elementor-size-default\">H\u00e4ufige Fragen: Wohngeld<\/h2>\t\t\t\t<\/div>\n\t\t\t\t<\/div>\n\t\t\t\t<div class=\"elementor-element elementor-element-e10cf4c ova_toggle_custom_egovt elementor-widget elementor-widget-accordion\" data-id=\"e10cf4c\" data-element_type=\"widget\" data-e-type=\"widget\" data-widget_type=\"accordion.default\">\n\t\t\t\t<div class=\"elementor-widget-container\">\n\t\t\t\t\t\t\t<div class=\"elementor-accordion\">\n\t\t\t\t\t\t\t<div class=\"elementor-accordion-item\">\n\t\t\t\t\t<div id=\"elementor-tab-title-2351\" class=\"elementor-tab-title\" data-tab=\"1\" role=\"button\" aria-controls=\"elementor-tab-content-2351\" aria-expanded=\"false\">\n\t\t\t\t\t\t\t\t\t\t\t\t\t<span class=\"elementor-accordion-icon elementor-accordion-icon-right\" aria-hidden=\"true\">\n\t\t\t\t\t\t\t\t\t\t\t\t\t\t\t<span class=\"elementor-accordion-icon-closed\"><svg class=\"e-font-icon-svg e-fas-plus\" viewBox=\"0 0 448 512\" xmlns=\"http:\/\/www.w3.org\/2000\/svg\"><path d=\"M416 208H272V64c0-17.67-14.33-32-32-32h-32c-17.67 0-32 14.33-32 32v144H32c-17.67 0-32 14.33-32 32v32c0 17.67 14.33 32 32 32h144v144c0 17.67 14.33 32 32 32h32c17.67 0 32-14.33 32-32V304h144c17.67 0 32-14.33 32-32v-32c0-17.67-14.33-32-32-32z\"><\/path><\/svg><\/span>\n\t\t\t\t\t\t\t\t<span class=\"elementor-accordion-icon-opened\"><svg class=\"e-font-icon-svg e-fas-minus\" viewBox=\"0 0 448 512\" xmlns=\"http:\/\/www.w3.org\/2000\/svg\"><path d=\"M416 208H32c-17.67 0-32 14.33-32 32v32c0 17.67 14.33 32 32 32h384c17.67 0 32-14.33 32-32v-32c0-17.67-14.33-32-32-32z\"><\/path><\/svg><\/span>\n\t\t\t\t\t\t\t\t\t\t\t\t\t\t<\/span>\n\t\t\t\t\t\t\t\t\t\t\t\t<a class=\"elementor-accordion-title\" tabindex=\"0\">Was sind die Voraussetzungen um Wohngeld zu erhalten?<\/a>\n\t\t\t\t\t<\/div>\n\t\t\t\t\t<div id=\"elementor-tab-content-2351\" class=\"elementor-tab-content elementor-clearfix\" data-tab=\"1\" role=\"region\" aria-labelledby=\"elementor-tab-title-2351\"><p>Die Voraussetzungen f\u00fcr den Bezug von Wohngeld h\u00e4ngen von verschiedenen Faktoren ab, darunter das Einkommen, die Mietkosten und die Haushaltsgr\u00f6\u00dfe. Grunds\u00e4tzlich muss das Einkommen unter bestimmten Grenzen liegen, und die Wohnkosten m\u00fcssen angemessen sein. Da die genauen Voraussetzungen und H\u00f6he des Wohngeldes von der individuellen Situation abh\u00e4ngen, ist es empfehlenswert, sich f\u00fcr konkrete Ausk\u00fcnfte an die zust\u00e4ndige Wohngeldstelle zu wenden.<\/p><\/div>\n\t\t\t\t<\/div>\n\t\t\t\t\t\t\t<div class=\"elementor-accordion-item\">\n\t\t\t\t\t<div id=\"elementor-tab-title-2352\" class=\"elementor-tab-title\" data-tab=\"2\" role=\"button\" aria-controls=\"elementor-tab-content-2352\" aria-expanded=\"false\">\n\t\t\t\t\t\t\t\t\t\t\t\t\t<span class=\"elementor-accordion-icon elementor-accordion-icon-right\" aria-hidden=\"true\">\n\t\t\t\t\t\t\t\t\t\t\t\t\t\t\t<span class=\"elementor-accordion-icon-closed\"><svg class=\"e-font-icon-svg e-fas-plus\" viewBox=\"0 0 448 512\" xmlns=\"http:\/\/www.w3.org\/2000\/svg\"><path d=\"M416 208H272V64c0-17.67-14.33-32-32-32h-32c-17.67 0-32 14.33-32 32v144H32c-17.67 0-32 14.33-32 32v32c0 17.67 14.33 32 32 32h144v144c0 17.67 14.33 32 32 32h32c17.67 0 32-14.33 32-32V304h144c17.67 0 32-14.33 32-32v-32c0-17.67-14.33-32-32-32z\"><\/path><\/svg><\/span>\n\t\t\t\t\t\t\t\t<span class=\"elementor-accordion-icon-opened\"><svg class=\"e-font-icon-svg e-fas-minus\" viewBox=\"0 0 448 512\" xmlns=\"http:\/\/www.w3.org\/2000\/svg\"><path d=\"M416 208H32c-17.67 0-32 14.33-32 32v32c0 17.67 14.33 32 32 32h384c17.67 0 32-14.33 32-32v-32c0-17.67-14.33-32-32-32z\"><\/path><\/svg><\/span>\n\t\t\t\t\t\t\t\t\t\t\t\t\t\t<\/span>\n\t\t\t\t\t\t\t\t\t\t\t\t<a class=\"elementor-accordion-title\" tabindex=\"0\">Welche Dokumente werden bei der Pr\u00fcfung eines Wohngeldanspruchs ben\u00f6tigt?<\/a>\n\t\t\t\t\t<\/div>\n\t\t\t\t\t<div id=\"elementor-tab-content-2352\" class=\"elementor-tab-content elementor-clearfix\" data-tab=\"2\" role=\"region\" aria-labelledby=\"elementor-tab-title-2352\"><p>F\u00fcr die Pr\u00fcfung eines Wohngeldanspruchs werden in der Regel folgende Dokumente ben\u00f6tigt:<\/p><ol><li>Wohngeldantrag<\/li><li>Nachweise \u00fcber das Einkommen aller Haushaltsmitglieder (z.B. Lohnabrechnungen, Rentenbescheide)<\/li><li>Mietvertrag oder Belastungsnachweis f\u00fcr Eigent\u00fcmer<\/li><li>Kontoausz\u00fcge<\/li><li>Nachweis \u00fcber die H\u00f6he der Nebenkosten<\/li><li>Bei Bedarf weitere Unterlagen, z.B. Nachweise \u00fcber Unterhaltsverpflichtungen oder Schwerbehindertenausweis<\/li><\/ol><p>Die genaue Liste der ben\u00f6tigten Dokumente kann je nach Situation variieren. Es ist daher ratsam, sich direkt bei der zust\u00e4ndigen Wohngeldstelle zu informieren, welche Unterlagen im Einzelfall erforderlich sind.<\/p><\/div>\n\t\t\t\t<\/div>\n\t\t\t\t\t\t\t<div class=\"elementor-accordion-item\">\n\t\t\t\t\t<div id=\"elementor-tab-title-2353\" class=\"elementor-tab-title\" data-tab=\"3\" role=\"button\" aria-controls=\"elementor-tab-content-2353\" aria-expanded=\"false\">\n\t\t\t\t\t\t\t\t\t\t\t\t\t<span class=\"elementor-accordion-icon elementor-accordion-icon-right\" aria-hidden=\"true\">\n\t\t\t\t\t\t\t\t\t\t\t\t\t\t\t<span class=\"elementor-accordion-icon-closed\"><svg class=\"e-font-icon-svg e-fas-plus\" viewBox=\"0 0 448 512\" xmlns=\"http:\/\/www.w3.org\/2000\/svg\"><path d=\"M416 208H272V64c0-17.67-14.33-32-32-32h-32c-17.67 0-32 14.33-32 32v144H32c-17.67 0-32 14.33-32 32v32c0 17.67 14.33 32 32 32h144v144c0 17.67 14.33 32 32 32h32c17.67 0 32-14.33 32-32V304h144c17.67 0 32-14.33 32-32v-32c0-17.67-14.33-32-32-32z\"><\/path><\/svg><\/span>\n\t\t\t\t\t\t\t\t<span class=\"elementor-accordion-icon-opened\"><svg class=\"e-font-icon-svg e-fas-minus\" viewBox=\"0 0 448 512\" xmlns=\"http:\/\/www.w3.org\/2000\/svg\"><path d=\"M416 208H32c-17.67 0-32 14.33-32 32v32c0 17.67 14.33 32 32 32h384c17.67 0 32-14.33 32-32v-32c0-17.67-14.33-32-32-32z\"><\/path><\/svg><\/span>\n\t\t\t\t\t\t\t\t\t\t\t\t\t\t<\/span>\n\t\t\t\t\t\t\t\t\t\t\t\t<a class=\"elementor-accordion-title\" tabindex=\"0\">Wonach richtet sich die H\u00f6he des Wohngeldes?<\/a>\n\t\t\t\t\t<\/div>\n\t\t\t\t\t<div id=\"elementor-tab-content-2353\" class=\"elementor-tab-content elementor-clearfix\" data-tab=\"3\" role=\"region\" aria-labelledby=\"elementor-tab-title-2353\"><p>F\u00fcr weitere Fragen zum Thema Wohngeld, insbesondere zu aktuellen Regelungen und Details, k\u00f6nnen Sie sich umfassend auf der Webseite des Bundesministeriums f\u00fcr Wohnen, Stadtentwicklung und Bauwesen informieren. Dort finden Sie Antworten zu h\u00e4ufig gestellten Fragen rund um das Wohngeld-Plus-Gesetz und andere relevante Themen. Besuchen Sie <a href=\"https:\/\/www.bmwsb.bund.de\/SharedDocs\/faqs\/Webs\/BMWSB\/DE\/wohnen\/wohngeld-plus-gesetz\/wohngeld-plus-liste.html\" target=\"_new\">diese Seite<\/a> f\u00fcr detaillierte Informationen.<\/p><\/div>\n\t\t\t\t<\/div>\n\t\t\t\t\t\t\t<div class=\"elementor-accordion-item\">\n\t\t\t\t\t<div id=\"elementor-tab-title-2354\" class=\"elementor-tab-title\" data-tab=\"4\" role=\"button\" aria-controls=\"elementor-tab-content-2354\" aria-expanded=\"false\">\n\t\t\t\t\t\t\t\t\t\t\t\t\t<span class=\"elementor-accordion-icon elementor-accordion-icon-right\" aria-hidden=\"true\">\n\t\t\t\t\t\t\t\t\t\t\t\t\t\t\t<span class=\"elementor-accordion-icon-closed\"><svg class=\"e-font-icon-svg e-fas-plus\" viewBox=\"0 0 448 512\" xmlns=\"http:\/\/www.w3.org\/2000\/svg\"><path d=\"M416 208H272V64c0-17.67-14.33-32-32-32h-32c-17.67 0-32 14.33-32 32v144H32c-17.67 0-32 14.33-32 32v32c0 17.67 14.33 32 32 32h144v144c0 17.67 14.33 32 32 32h32c17.67 0 32-14.33 32-32V304h144c17.67 0 32-14.33 32-32v-32c0-17.67-14.33-32-32-32z\"><\/path><\/svg><\/span>\n\t\t\t\t\t\t\t\t<span class=\"elementor-accordion-icon-opened\"><svg class=\"e-font-icon-svg e-fas-minus\" viewBox=\"0 0 448 512\" xmlns=\"http:\/\/www.w3.org\/2000\/svg\"><path d=\"M416 208H32c-17.67 0-32 14.33-32 32v32c0 17.67 14.33 32 32 32h384c17.67 0 32-14.33 32-32v-32c0-17.67-14.33-32-32-32z\"><\/path><\/svg><\/span>\n\t\t\t\t\t\t\t\t\t\t\t\t\t\t<\/span>\n\t\t\t\t\t\t\t\t\t\t\t\t<a class=\"elementor-accordion-title\" tabindex=\"0\">Ich habe weitere Fragen. Wo kann ich einfach mehr erfahren?<\/a>\n\t\t\t\t\t<\/div>\n\t\t\t\t\t<div id=\"elementor-tab-content-2354\" class=\"elementor-tab-content elementor-clearfix\" data-tab=\"4\" role=\"region\" aria-labelledby=\"elementor-tab-title-2354\"><p>F\u00fcr weitere Fragen zum Thema Wohngeld, insbesondere zu aktuellen Regelungen und Details, k\u00f6nnen Sie sich umfassend auf der Webseite des Bundesministeriums f\u00fcr Wohnen, Stadtentwicklung und Bauwesen informieren. Dort finden Sie Antworten zu h\u00e4ufig gestellten Fragen rund um das Wohngeld-Plus-Gesetz und andere relevante Themen. Besuchen Sie <a href=\"https:\/\/www.bmwsb.bund.de\/SharedDocs\/faqs\/Webs\/BMWSB\/DE\/wohnen\/wohngeld-plus-gesetz\/wohngeld-plus-liste.html\" target=\"_new\">diese Seite<\/a> f\u00fcr detaillierte Informationen.<\/p><\/div>\n\t\t\t\t<\/div>\n\t\t\t\t\t\t\t\t\t\t<script type=\"application\/ld+json\">{\"@context\":\"https:\\\/\\\/schema.org\",\"@type\":\"FAQPage\",\"mainEntity\":[{\"@type\":\"Question\",\"name\":\"Was sind die Voraussetzungen um Wohngeld zu erhalten?\",\"acceptedAnswer\":{\"@type\":\"Answer\",\"text\":\"<p>Die Voraussetzungen f\\u00fcr den Bezug von Wohngeld h\\u00e4ngen von verschiedenen Faktoren ab, darunter das Einkommen, die Mietkosten und die Haushaltsgr\\u00f6\\u00dfe. Grunds\\u00e4tzlich muss das Einkommen unter bestimmten Grenzen liegen, und die Wohnkosten m\\u00fcssen angemessen sein. Da die genauen Voraussetzungen und H\\u00f6he des Wohngeldes von der individuellen Situation abh\\u00e4ngen, ist es empfehlenswert, sich f\\u00fcr konkrete Ausk\\u00fcnfte an die zust\\u00e4ndige Wohngeldstelle zu wenden.<\\\/p>\"}},{\"@type\":\"Question\",\"name\":\"Welche Dokumente werden bei der Pr\\u00fcfung eines Wohngeldanspruchs ben\\u00f6tigt?\",\"acceptedAnswer\":{\"@type\":\"Answer\",\"text\":\"<p>F\\u00fcr die Pr\\u00fcfung eines Wohngeldanspruchs werden in der Regel folgende Dokumente ben\\u00f6tigt:<\\\/p><ol><li>Wohngeldantrag<\\\/li><li>Nachweise \\u00fcber das Einkommen aller Haushaltsmitglieder (z.B. Lohnabrechnungen, Rentenbescheide)<\\\/li><li>Mietvertrag oder Belastungsnachweis f\\u00fcr Eigent\\u00fcmer<\\\/li><li>Kontoausz\\u00fcge<\\\/li><li>Nachweis \\u00fcber die H\\u00f6he der Nebenkosten<\\\/li><li>Bei Bedarf weitere Unterlagen, z.B. Nachweise \\u00fcber Unterhaltsverpflichtungen oder Schwerbehindertenausweis<\\\/li><\\\/ol><p>Die genaue Liste der ben\\u00f6tigten Dokumente kann je nach Situation variieren. Es ist daher ratsam, sich direkt bei der zust\\u00e4ndigen Wohngeldstelle zu informieren, welche Unterlagen im Einzelfall erforderlich sind.<\\\/p>\"}},{\"@type\":\"Question\",\"name\":\"Wonach richtet sich die H\\u00f6he des Wohngeldes?\",\"acceptedAnswer\":{\"@type\":\"Answer\",\"text\":\"<p>F\\u00fcr weitere Fragen zum Thema Wohngeld, insbesondere zu aktuellen Regelungen und Details, k\\u00f6nnen Sie sich umfassend auf der Webseite des Bundesministeriums f\\u00fcr Wohnen, Stadtentwicklung und Bauwesen informieren. Dort finden Sie Antworten zu h\\u00e4ufig gestellten Fragen rund um das Wohngeld-Plus-Gesetz und andere relevante Themen. Besuchen Sie <a href=\\\"https:\\\/\\\/www.bmwsb.bund.de\\\/SharedDocs\\\/faqs\\\/Webs\\\/BMWSB\\\/DE\\\/wohnen\\\/wohngeld-plus-gesetz\\\/wohngeld-plus-liste.html\\\" target=\\\"_new\\\">diese Seite<\\\/a> f\\u00fcr detaillierte Informationen.<\\\/p>\"}},{\"@type\":\"Question\",\"name\":\"Ich habe weitere Fragen. Wo kann ich einfach mehr erfahren?\",\"acceptedAnswer\":{\"@type\":\"Answer\",\"text\":\"<p>F\\u00fcr weitere Fragen zum Thema Wohngeld, insbesondere zu aktuellen Regelungen und Details, k\\u00f6nnen Sie sich umfassend auf der Webseite des Bundesministeriums f\\u00fcr Wohnen, Stadtentwicklung und Bauwesen informieren. Dort finden Sie Antworten zu h\\u00e4ufig gestellten Fragen rund um das Wohngeld-Plus-Gesetz und andere relevante Themen. Besuchen Sie <a href=\\\"https:\\\/\\\/www.bmwsb.bund.de\\\/SharedDocs\\\/faqs\\\/Webs\\\/BMWSB\\\/DE\\\/wohnen\\\/wohngeld-plus-gesetz\\\/wohngeld-plus-liste.html\\\" target=\\\"_new\\\">diese Seite<\\\/a> f\\u00fcr detaillierte Informationen.<\\\/p>\"}}]}<\/script>\n\t\t\t\t\t<\/div>\n\t\t\t\t\t\t<\/div>\n\t\t\t\t<\/div>\n\t\t\t\t<\/div>\n\t\t\t\t\t<\/div>\n\t\t\t\t<\/div>\n\t\t<div class=\"elementor-element elementor-element-026221d img-adjust e-flex e-con-boxed e-con e-parent\" data-id=\"026221d\" data-element_type=\"container\" data-e-type=\"container\">\n\t\t\t\t\t<div class=\"e-con-inner\">\n\t\t<div class=\"elementor-element elementor-element-1109af8 e-con-full e-flex e-con e-child\" data-id=\"1109af8\" data-element_type=\"container\" data-e-type=\"container\" data-settings=\"{&quot;background_background&quot;:&quot;classic&quot;,&quot;shape_divider_top&quot;:&quot;wave-brush&quot;,&quot;shape_divider_bottom&quot;:&quot;wave-brush&quot;}\">\n\t\t\t\t<div class=\"elementor-shape elementor-shape-top\" aria-hidden=\"true\" data-negative=\"false\">\n\t\t\t<svg xmlns=\"http:\/\/www.w3.org\/2000\/svg\" viewBox=\"0 0 283.5 27.8\" preserveAspectRatio=\"none\">\n\t<path class=\"elementor-shape-fill\" d=\"M283.5,9.7c0,0-7.3,4.3-14,4.6c-6.8,0.3-12.6,0-20.9-1.5c-11.3-2-33.1-10.1-44.7-5.7\ts-12.1,4.6-18,7.4c-6.6,3.2-20,9.6-36.6,9.3C131.6,23.5,99.5,7.2,86.3,8c-1.4,0.1-6.6,0.8-10.5,2c-3.8,1.2-9.4,3.8-17,4.7\tc-3.2,0.4-8.3,1.1-14.2,0.9c-1.5-0.1-6.3-0.4-12-1.6c-5.7-1.2-11-3.1-15.8-3.7C6.5,9.2,0,10.8,0,10.8V0h283.5V9.7z M260.8,11.3\tc-0.7-1-2-0.4-4.3-0.4c-2.3,0-6.1-1.2-5.8-1.1c0.3,0.1,3.1,1.5,6,1.9C259.7,12.2,261.4,12.3,260.8,11.3z M242.4,8.6\tc0,0-2.4-0.2-5.6-0.9c-3.2-0.8-10.3-2.8-15.1-3.5c-8.2-1.1-15.8,0-15.1,0.1c0.8,0.1,9.6-0.6,17.6,1.1c3.3,0.7,9.3,2.2,12.4,2.7\tC239.9,8.7,242.4,8.6,242.4,8.6z M185.2,8.5c1.7-0.7-13.3,4.7-18.5,6.1c-2.1,0.6-6.2,1.6-10,2c-3.9,0.4-8.9,0.4-8.8,0.5\tc0,0.2,5.8,0.8,11.2,0c5.4-0.8,5.2-1.1,7.6-1.6C170.5,14.7,183.5,9.2,185.2,8.5z M199.1,6.9c0.2,0-0.8-0.4-4.8,1.1\tc-4,1.5-6.7,3.5-6.9,3.7c-0.2,0.1,3.5-1.8,6.6-3C197,7.5,199,6.9,199.1,6.9z M283,6c-0.1,0.1-1.9,1.1-4.8,2.5s-6.9,2.8-6.7,2.7\tc0.2,0,3.5-0.6,7.4-2.5C282.8,6.8,283.1,5.9,283,6z M31.3,11.6c0.1-0.2-1.9-0.2-4.5-1.2s-5.4-1.6-7.8-2C15,7.6,7.3,8.5,7.7,8.6\tC8,8.7,15.9,8.3,20.2,9.3c2.2,0.5,2.4,0.5,5.7,1.6S31.2,11.9,31.3,11.6z M73,9.2c0.4-0.1,3.5-1.6,8.4-2.6c4.9-1.1,8.9-0.5,8.9-0.8\tc0-0.3-1-0.9-6.2-0.3S72.6,9.3,73,9.2z M71.6,6.7C71.8,6.8,75,5.4,77.3,5c2.3-0.3,1.9-0.5,1.9-0.6c0-0.1-1.1-0.2-2.7,0.2\tC74.8,5.1,71.4,6.6,71.6,6.7z M93.6,4.4c0.1,0.2,3.5,0.8,5.6,1.8c2.1,1,1.8,0.6,1.9,0.5c0.1-0.1-0.8-0.8-2.4-1.3\tC97.1,4.8,93.5,4.2,93.6,4.4z M65.4,11.1c-0.1,0.3,0.3,0.5,1.9-0.2s2.6-1.3,2.2-1.2s-0.9,0.4-2.5,0.8C65.3,10.9,65.5,10.8,65.4,11.1\tz M34.5,12.4c-0.2,0,2.1,0.8,3.3,0.9c1.2,0.1,2,0.1,2-0.2c0-0.3-0.1-0.5-1.6-0.4C36.6,12.8,34.7,12.4,34.5,12.4z M152.2,21.1\tc-0.1,0.1-2.4-0.3-7.5-0.3c-5,0-13.6-2.4-17.2-3.5c-3.6-1.1,10,3.9,16.5,4.1C150.5,21.6,152.3,21,152.2,21.1z\"\/>\n\t<path class=\"elementor-shape-fill\" d=\"M269.6,18c-0.1-0.1-4.6,0.3-7.2,0c-7.3-0.7-17-3.2-16.6-2.9c0.4,0.3,13.7,3.1,17,3.3\tC267.7,18.8,269.7,18,269.6,18z\"\/>\n\t<path class=\"elementor-shape-fill\" d=\"M227.4,9.8c-0.2-0.1-4.5-1-9.5-1.2c-5-0.2-12.7,0.6-12.3,0.5c0.3-0.1,5.9-1.8,13.3-1.2\tS227.6,9.9,227.4,9.8z\"\/>\n\t<path class=\"elementor-shape-fill\" d=\"M204.5,13.4c-0.1-0.1,2-1,3.2-1.1c1.2-0.1,2,0,2,0.3c0,0.3-0.1,0.5-1.6,0.4\tC206.4,12.9,204.6,13.5,204.5,13.4z\"\/>\n\t<path class=\"elementor-shape-fill\" d=\"M201,10.6c0-0.1-4.4,1.2-6.3,2.2c-1.9,0.9-6.2,3.1-6.1,3.1c0.1,0.1,4.2-1.6,6.3-2.6\tS201,10.7,201,10.6z\"\/>\n\t<path class=\"elementor-shape-fill\" d=\"M154.5,26.7c-0.1-0.1-4.6,0.3-7.2,0c-7.3-0.7-17-3.2-16.6-2.9c0.4,0.3,13.7,3.1,17,3.3\tC152.6,27.5,154.6,26.8,154.5,26.7z\"\/>\n\t<path class=\"elementor-shape-fill\" d=\"M41.9,19.3c0,0,1.2-0.3,2.9-0.1c1.7,0.2,5.8,0.9,8.2,0.7c4.2-0.4,7.4-2.7,7-2.6\tc-0.4,0-4.3,2.2-8.6,1.9c-1.8-0.1-5.1-0.5-6.7-0.4S41.9,19.3,41.9,19.3z\"\/>\n\t<path class=\"elementor-shape-fill\" d=\"M75.5,12.6c0.2,0.1,2-0.8,4.3-1.1c2.3-0.2,2.1-0.3,2.1-0.5c0-0.1-1.8-0.4-3.4,0\tC76.9,11.5,75.3,12.5,75.5,12.6z\"\/>\n\t<path class=\"elementor-shape-fill\" d=\"M15.6,13.2c0-0.1,4.3,0,6.7,0.5c2.4,0.5,5,1.9,5,2c0,0.1-2.7-0.8-5.1-1.4\tC19.9,13.7,15.7,13.3,15.6,13.2z\"\/>\n<\/svg>\t\t<\/div>\n\t\t\t\t<div class=\"elementor-shape elementor-shape-bottom\" aria-hidden=\"true\" data-negative=\"false\">\n\t\t\t<svg xmlns=\"http:\/\/www.w3.org\/2000\/svg\" viewBox=\"0 0 283.5 27.8\" preserveAspectRatio=\"none\">\n\t<path class=\"elementor-shape-fill\" d=\"M283.5,9.7c0,0-7.3,4.3-14,4.6c-6.8,0.3-12.6,0-20.9-1.5c-11.3-2-33.1-10.1-44.7-5.7\ts-12.1,4.6-18,7.4c-6.6,3.2-20,9.6-36.6,9.3C131.6,23.5,99.5,7.2,86.3,8c-1.4,0.1-6.6,0.8-10.5,2c-3.8,1.2-9.4,3.8-17,4.7\tc-3.2,0.4-8.3,1.1-14.2,0.9c-1.5-0.1-6.3-0.4-12-1.6c-5.7-1.2-11-3.1-15.8-3.7C6.5,9.2,0,10.8,0,10.8V0h283.5V9.7z M260.8,11.3\tc-0.7-1-2-0.4-4.3-0.4c-2.3,0-6.1-1.2-5.8-1.1c0.3,0.1,3.1,1.5,6,1.9C259.7,12.2,261.4,12.3,260.8,11.3z M242.4,8.6\tc0,0-2.4-0.2-5.6-0.9c-3.2-0.8-10.3-2.8-15.1-3.5c-8.2-1.1-15.8,0-15.1,0.1c0.8,0.1,9.6-0.6,17.6,1.1c3.3,0.7,9.3,2.2,12.4,2.7\tC239.9,8.7,242.4,8.6,242.4,8.6z M185.2,8.5c1.7-0.7-13.3,4.7-18.5,6.1c-2.1,0.6-6.2,1.6-10,2c-3.9,0.4-8.9,0.4-8.8,0.5\tc0,0.2,5.8,0.8,11.2,0c5.4-0.8,5.2-1.1,7.6-1.6C170.5,14.7,183.5,9.2,185.2,8.5z M199.1,6.9c0.2,0-0.8-0.4-4.8,1.1\tc-4,1.5-6.7,3.5-6.9,3.7c-0.2,0.1,3.5-1.8,6.6-3C197,7.5,199,6.9,199.1,6.9z M283,6c-0.1,0.1-1.9,1.1-4.8,2.5s-6.9,2.8-6.7,2.7\tc0.2,0,3.5-0.6,7.4-2.5C282.8,6.8,283.1,5.9,283,6z M31.3,11.6c0.1-0.2-1.9-0.2-4.5-1.2s-5.4-1.6-7.8-2C15,7.6,7.3,8.5,7.7,8.6\tC8,8.7,15.9,8.3,20.2,9.3c2.2,0.5,2.4,0.5,5.7,1.6S31.2,11.9,31.3,11.6z M73,9.2c0.4-0.1,3.5-1.6,8.4-2.6c4.9-1.1,8.9-0.5,8.9-0.8\tc0-0.3-1-0.9-6.2-0.3S72.6,9.3,73,9.2z M71.6,6.7C71.8,6.8,75,5.4,77.3,5c2.3-0.3,1.9-0.5,1.9-0.6c0-0.1-1.1-0.2-2.7,0.2\tC74.8,5.1,71.4,6.6,71.6,6.7z M93.6,4.4c0.1,0.2,3.5,0.8,5.6,1.8c2.1,1,1.8,0.6,1.9,0.5c0.1-0.1-0.8-0.8-2.4-1.3\tC97.1,4.8,93.5,4.2,93.6,4.4z M65.4,11.1c-0.1,0.3,0.3,0.5,1.9-0.2s2.6-1.3,2.2-1.2s-0.9,0.4-2.5,0.8C65.3,10.9,65.5,10.8,65.4,11.1\tz M34.5,12.4c-0.2,0,2.1,0.8,3.3,0.9c1.2,0.1,2,0.1,2-0.2c0-0.3-0.1-0.5-1.6-0.4C36.6,12.8,34.7,12.4,34.5,12.4z M152.2,21.1\tc-0.1,0.1-2.4-0.3-7.5-0.3c-5,0-13.6-2.4-17.2-3.5c-3.6-1.1,10,3.9,16.5,4.1C150.5,21.6,152.3,21,152.2,21.1z\"\/>\n\t<path class=\"elementor-shape-fill\" d=\"M269.6,18c-0.1-0.1-4.6,0.3-7.2,0c-7.3-0.7-17-3.2-16.6-2.9c0.4,0.3,13.7,3.1,17,3.3\tC267.7,18.8,269.7,18,269.6,18z\"\/>\n\t<path class=\"elementor-shape-fill\" d=\"M227.4,9.8c-0.2-0.1-4.5-1-9.5-1.2c-5-0.2-12.7,0.6-12.3,0.5c0.3-0.1,5.9-1.8,13.3-1.2\tS227.6,9.9,227.4,9.8z\"\/>\n\t<path class=\"elementor-shape-fill\" d=\"M204.5,13.4c-0.1-0.1,2-1,3.2-1.1c1.2-0.1,2,0,2,0.3c0,0.3-0.1,0.5-1.6,0.4\tC206.4,12.9,204.6,13.5,204.5,13.4z\"\/>\n\t<path class=\"elementor-shape-fill\" d=\"M201,10.6c0-0.1-4.4,1.2-6.3,2.2c-1.9,0.9-6.2,3.1-6.1,3.1c0.1,0.1,4.2-1.6,6.3-2.6\tS201,10.7,201,10.6z\"\/>\n\t<path class=\"elementor-shape-fill\" d=\"M154.5,26.7c-0.1-0.1-4.6,0.3-7.2,0c-7.3-0.7-17-3.2-16.6-2.9c0.4,0.3,13.7,3.1,17,3.3\tC152.6,27.5,154.6,26.8,154.5,26.7z\"\/>\n\t<path class=\"elementor-shape-fill\" d=\"M41.9,19.3c0,0,1.2-0.3,2.9-0.1c1.7,0.2,5.8,0.9,8.2,0.7c4.2-0.4,7.4-2.7,7-2.6\tc-0.4,0-4.3,2.2-8.6,1.9c-1.8-0.1-5.1-0.5-6.7-0.4S41.9,19.3,41.9,19.3z\"\/>\n\t<path class=\"elementor-shape-fill\" d=\"M75.5,12.6c0.2,0.1,2-0.8,4.3-1.1c2.3-0.2,2.1-0.3,2.1-0.5c0-0.1-1.8-0.4-3.4,0\tC76.9,11.5,75.3,12.5,75.5,12.6z\"\/>\n\t<path class=\"elementor-shape-fill\" d=\"M15.6,13.2c0-0.1,4.3,0,6.7,0.5c2.4,0.5,5,1.9,5,2c0,0.1-2.7-0.8-5.1-1.4\tC19.9,13.7,15.7,13.3,15.6,13.2z\"\/>\n<\/svg>\t\t<\/div>\n\t\t\t\t<div class=\"elementor-element elementor-element-77d362c elementor-widget__width-inherit elementor-widget elementor-widget-heading\" data-id=\"77d362c\" data-element_type=\"widget\" data-e-type=\"widget\" data-widget_type=\"heading.default\">\n\t\t\t\t<div class=\"elementor-widget-container\">\n\t\t\t\t\t<h2 class=\"elementor-heading-title elementor-size-default\">Verwandte Themen\n<\/h2>\t\t\t\t<\/div>\n\t\t\t\t<\/div>\n\t\t<div class=\"elementor-element elementor-element-fd03293 e-con-full e-flex e-con e-child\" data-id=\"fd03293\" data-element_type=\"container\" data-e-type=\"container\">\n\t\t\t\t<div class=\"elementor-element elementor-element-6ac9f3c elementor-position-top elementor-widget elementor-widget-image-box\" data-id=\"6ac9f3c\" data-element_type=\"widget\" data-e-type=\"widget\" data-widget_type=\"image-box.default\">\n\t\t\t\t<div class=\"elementor-widget-container\">\n\t\t\t\t\t<div class=\"elementor-image-box-wrapper\"><figure class=\"elementor-image-box-img\"><a href=\"https:\/\/gute-quellen.koeln\/ru\/weitere-hilfen\/beratung-in-koeln\/schuldnerberatung\/\" tabindex=\"-1\"><img decoding=\"async\" width=\"2004\" height=\"1340\" src=\"https:\/\/gute-quellen.koeln\/wp-content\/uploads\/2023\/12\/Bildschirmfoto-2023-12-04-um-23.05.29.jpeg\" class=\"attachment-full size-full wp-image-7504\" alt=\"\" srcset=\"https:\/\/gute-quellen.koeln\/wp-content\/uploads\/2023\/12\/Bildschirmfoto-2023-12-04-um-23.05.29.jpeg 2004w, https:\/\/gute-quellen.koeln\/wp-content\/uploads\/2023\/12\/Bildschirmfoto-2023-12-04-um-23.05.29-300x201.jpeg 300w, https:\/\/gute-quellen.koeln\/wp-content\/uploads\/2023\/12\/Bildschirmfoto-2023-12-04-um-23.05.29-1024x685.jpeg 1024w, https:\/\/gute-quellen.koeln\/wp-content\/uploads\/2023\/12\/Bildschirmfoto-2023-12-04-um-23.05.29-768x514.jpeg 768w, https:\/\/gute-quellen.koeln\/wp-content\/uploads\/2023\/12\/Bildschirmfoto-2023-12-04-um-23.05.29-1536x1027.jpeg 1536w, https:\/\/gute-quellen.koeln\/wp-content\/uploads\/2023\/12\/Bildschirmfoto-2023-12-04-um-23.05.29-600x401.jpeg 600w, https:\/\/gute-quellen.koeln\/wp-content\/uploads\/2023\/12\/Bildschirmfoto-2023-12-04-um-23.05.29-560x374.jpeg 560w\" sizes=\"(max-width: 2004px) 100vw, 2004px\" \/><\/a><\/figure><div class=\"elementor-image-box-content\"><h3 class=\"elementor-image-box-title\"><a href=\"https:\/\/gute-quellen.koeln\/ru\/weitere-hilfen\/beratung-in-koeln\/schuldnerberatung\/\">Schuldnerberatung<\/a><\/h3><\/div><\/div>\t\t\t\t<\/div>\n\t\t\t\t<\/div>\n\t\t\t\t<\/div>\n\t\t<div class=\"elementor-element elementor-element-15f7470 e-con-full e-flex e-con e-child\" data-id=\"15f7470\" data-element_type=\"container\" data-e-type=\"container\">\n\t\t\t\t<div class=\"elementor-element elementor-element-dc9f9f4 elementor-position-top elementor-widget elementor-widget-image-box\" data-id=\"dc9f9f4\" data-element_type=\"widget\" data-e-type=\"widget\" data-widget_type=\"image-box.default\">\n\t\t\t\t<div class=\"elementor-widget-container\">\n\t\t\t\t\t<div class=\"elementor-image-box-wrapper\"><figure class=\"elementor-image-box-img\"><a href=\"https:\/\/gute-quellen.koeln\/ru\/weitere-hilfen\/beratung-in-koeln\/sozialpsychiatrischer-dienst\/\" tabindex=\"-1\"><img decoding=\"async\" width=\"2560\" height=\"1707\" src=\"https:\/\/gute-quellen.koeln\/wp-content\/uploads\/2023\/11\/Stiftungen-1-scaled.jpg\" class=\"attachment-full size-full wp-image-6754\" alt=\"\" srcset=\"https:\/\/gute-quellen.koeln\/wp-content\/uploads\/2023\/11\/Stiftungen-1-scaled.jpg 2560w, https:\/\/gute-quellen.koeln\/wp-content\/uploads\/2023\/11\/Stiftungen-1-300x200.jpg 300w, https:\/\/gute-quellen.koeln\/wp-content\/uploads\/2023\/11\/Stiftungen-1-1024x683.jpg 1024w, https:\/\/gute-quellen.koeln\/wp-content\/uploads\/2023\/11\/Stiftungen-1-768x512.jpg 768w, https:\/\/gute-quellen.koeln\/wp-content\/uploads\/2023\/11\/Stiftungen-1-1536x1024.jpg 1536w, https:\/\/gute-quellen.koeln\/wp-content\/uploads\/2023\/11\/Stiftungen-1-2048x1365.jpg 2048w, https:\/\/gute-quellen.koeln\/wp-content\/uploads\/2023\/11\/Stiftungen-1-600x400.jpg 600w, https:\/\/gute-quellen.koeln\/wp-content\/uploads\/2023\/11\/Stiftungen-1-560x373.jpg 560w\" sizes=\"(max-width: 2560px) 100vw, 2560px\" \/><\/a><\/figure><div class=\"elementor-image-box-content\"><h3 class=\"elementor-image-box-title\"><a href=\"https:\/\/gute-quellen.koeln\/ru\/weitere-hilfen\/beratung-in-koeln\/sozialpsychiatrischer-dienst\/\">Sozialpsychiatrischer Dienst<\/a><\/h3><\/div><\/div>\t\t\t\t<\/div>\n\t\t\t\t<\/div>\n\t\t\t\t<\/div>\n\t\t<div class=\"elementor-element elementor-element-5fa57d2 e-con-full e-flex e-con e-child\" data-id=\"5fa57d2\" data-element_type=\"container\" data-e-type=\"container\">\n\t\t\t\t<div class=\"elementor-element elementor-element-5787e1a elementor-position-top elementor-widget elementor-widget-image-box\" data-id=\"5787e1a\" data-element_type=\"widget\" data-e-type=\"widget\" data-widget_type=\"image-box.default\">\n\t\t\t\t<div class=\"elementor-widget-container\">\n\t\t\t\t\t<div class=\"elementor-image-box-wrapper\"><figure class=\"elementor-image-box-img\"><img loading=\"lazy\" decoding=\"async\" width=\"2560\" height=\"1440\" src=\"https:\/\/gute-quellen.koeln\/wp-content\/uploads\/2023\/11\/Wohngeld-1-scaled.jpg\" class=\"attachment-full size-full wp-image-6755\" alt=\"\" srcset=\"https:\/\/gute-quellen.koeln\/wp-content\/uploads\/2023\/11\/Wohngeld-1-scaled.jpg 2560w, https:\/\/gute-quellen.koeln\/wp-content\/uploads\/2023\/11\/Wohngeld-1-300x169.jpg 300w, https:\/\/gute-quellen.koeln\/wp-content\/uploads\/2023\/11\/Wohngeld-1-1024x576.jpg 1024w, https:\/\/gute-quellen.koeln\/wp-content\/uploads\/2023\/11\/Wohngeld-1-768x432.jpg 768w, https:\/\/gute-quellen.koeln\/wp-content\/uploads\/2023\/11\/Wohngeld-1-1536x864.jpg 1536w, https:\/\/gute-quellen.koeln\/wp-content\/uploads\/2023\/11\/Wohngeld-1-2048x1152.jpg 2048w, https:\/\/gute-quellen.koeln\/wp-content\/uploads\/2023\/11\/Wohngeld-1-600x338.jpg 600w, https:\/\/gute-quellen.koeln\/wp-content\/uploads\/2023\/11\/Wohngeld-1-560x315.jpg 560w\" sizes=\"(max-width: 2560px) 100vw, 2560px\" \/><\/figure><div class=\"elementor-image-box-content\"><h3 class=\"elementor-image-box-title\">Angebote f\u00fcr hilflose Personen<\/h3><\/div><\/div>\t\t\t\t<\/div>\n\t\t\t\t<\/div>\n\t\t\t\t<\/div>\n\t\t<div class=\"elementor-element elementor-element-8964870 e-con-full e-flex e-con e-child\" data-id=\"8964870\" data-element_type=\"container\" data-e-type=\"container\">\n\t\t\t\t<div class=\"elementor-element elementor-element-b25f3ad elementor-widget elementor-widget-button\" data-id=\"b25f3ad\" data-element_type=\"widget\" data-e-type=\"widget\" data-widget_type=\"button.default\">\n\t\t\t\t<div class=\"elementor-widget-container\">\n\t\t\t\t\t\t\t\t\t<div class=\"elementor-button-wrapper\">\n\t\t\t\t\t<a class=\"elementor-button elementor-button-link elementor-size-md\" href=\"https:\/\/gute-quellen.koeln\/ru\/weitere-hilfen\/beratung-in-koeln\/\">\n\t\t\t\t\t\t<span class=\"elementor-button-content-wrapper\">\n\t\t\t\t\t\t<span class=\"elementor-button-icon\">\n\t\t\t\t<svg aria-hidden=\"true\" class=\"e-font-icon-svg e-fas-chevron-left\" viewBox=\"0 0 320 512\" xmlns=\"http:\/\/www.w3.org\/2000\/svg\"><path d=\"M34.52 239.03L228.87 44.69c9.37-9.37 24.57-9.37 33.94 0l22.67 22.67c9.36 9.36 9.37 24.52.04 33.9L131.49 256l154.02 154.75c9.34 9.38 9.32 24.54-.04 33.9l-22.67 22.67c-9.37 9.37-24.57 9.37-33.94 0L34.52 272.97c-9.37-9.37-9.37-24.57 0-33.94z\"><\/path><\/svg>\t\t\t<\/span>\n\t\t\t\t\t\t\t\t\t<span class=\"elementor-button-text\">Beratung<\/span>\n\t\t\t\t\t<\/span>\n\t\t\t\t\t<\/a>\n\t\t\t\t<\/div>\n\t\t\t\t\t\t\t\t<\/div>\n\t\t\t\t<\/div>\n\t\t\t\t<div class=\"elementor-element elementor-element-a448713 elementor-widget elementor-widget-button\" data-id=\"a448713\" data-element_type=\"widget\" data-e-type=\"widget\" data-widget_type=\"button.default\">\n\t\t\t\t<div class=\"elementor-widget-container\">\n\t\t\t\t\t\t\t\t\t<div class=\"elementor-button-wrapper\">\n\t\t\t\t\t<a class=\"elementor-button elementor-button-link elementor-size-md\" href=\"https:\/\/gute-quellen.koeln\/ru\/weitere-hilfen\/beratung-in-koeln\/schuldnerberatung\/\">\n\t\t\t\t\t\t<span class=\"elementor-button-content-wrapper\">\n\t\t\t\t\t\t<span class=\"elementor-button-icon\">\n\t\t\t\t<svg aria-hidden=\"true\" class=\"e-font-icon-svg e-fas-chevron-right\" viewBox=\"0 0 320 512\" xmlns=\"http:\/\/www.w3.org\/2000\/svg\"><path d=\"M285.476 272.971L91.132 467.314c-9.373 9.373-24.569 9.373-33.941 0l-22.667-22.667c-9.357-9.357-9.375-24.522-.04-33.901L188.505 256 34.484 101.255c-9.335-9.379-9.317-24.544.04-33.901l22.667-22.667c9.373-9.373 24.569-9.373 33.941 0L285.475 239.03c9.373 9.372 9.373 24.568.001 33.941z\"><\/path><\/svg>\t\t\t<\/span>\n\t\t\t\t\t\t\t\t\t<span class=\"elementor-button-text\">Schuldnerberatung<\/span>\n\t\t\t\t\t<\/span>\n\t\t\t\t\t<\/a>\n\t\t\t\t<\/div>\n\t\t\t\t\t\t\t\t<\/div>\n\t\t\t\t<\/div>\n\t\t\t\t<\/div>\n\t\t\t\t<\/div>\n\t\t\t\t\t<\/div>\n\t\t\t\t<\/div>\n\t\t\t\t<\/div>\n\t\t","protected":false},"excerpt":{"rendered":"<p>Kirchen- und Sozialverb\u00e4nde Die \u201cFachstelle Wohnen, wirtschaftliche Hilfen, ResoDienste\u201d vom Sozialamt bietet Unterst\u00fctzung f\u00fcr Menschen in K\u00f6ln, die mit Wohnungsproblemen konfrontiert sind oder in anderen schwierigen Lebenssituationen Hilfe ben\u00f6tigen. Dazu geh\u00f6ren finanzielle Hilfen, Beratung bei Wohnproblemen, Unterst\u00fctzung f\u00fcr Obdachlose und Personen, die soziale Schwierigkeiten bew\u00e4ltigen m\u00fcssen. F\u00fcr wen ist Wohngeld gedacht? Wohngeldberechtigt sind Mieter, Untermieter, [&hellip;]<\/p>\n","protected":false},"author":4,"featured_media":0,"parent":9010,"menu_order":0,"comment_status":"closed","ping_status":"closed","template":"elementor_header_footer","meta":{"_monsterinsights_skip_tracking":false,"_monsterinsights_sitenote_active":false,"_monsterinsights_sitenote_note":"","_monsterinsights_sitenote_category":0,"footnotes":""},"class_list":["post-10339","page","type-page","status-publish","hentry"],"yoast_head":"<!-- This site is optimized with the Yoast SEO plugin v27.0 - https:\/\/yoast.com\/product\/yoast-seo-wordpress\/ -->\n<title>Kirchen- und Sozialverb\u00e4nde - Gute-Quellen.Koeln<\/title>\n<meta name=\"robots\" content=\"index, follow, max-snippet:-1, max-image-preview:large, max-video-preview:-1\" \/>\n<link rel=\"canonical\" href=\"https:\/\/gute-quellen.koeln\/ru\/weitere-hilfen\/beratung-in-koeln\/kirchen-und-sozialverbaende\/\" \/>\n<meta property=\"og:locale\" content=\"ru_RU\" \/>\n<meta property=\"og:type\" content=\"article\" \/>\n<meta property=\"og:title\" content=\"Kirchen- und Sozialverb\u00e4nde - Gute-Quellen.Koeln\" \/>\n<meta property=\"og:description\" content=\"Kirchen- und Sozialverb\u00e4nde Die \u201cFachstelle Wohnen, wirtschaftliche Hilfen, ResoDienste\u201d vom Sozialamt bietet Unterst\u00fctzung f\u00fcr Menschen in K\u00f6ln, die mit Wohnungsproblemen konfrontiert sind oder in anderen schwierigen Lebenssituationen Hilfe ben\u00f6tigen. Dazu geh\u00f6ren finanzielle Hilfen, Beratung bei Wohnproblemen, Unterst\u00fctzung f\u00fcr Obdachlose und Personen, die soziale Schwierigkeiten bew\u00e4ltigen m\u00fcssen. F\u00fcr wen ist Wohngeld gedacht? Wohngeldberechtigt sind Mieter, Untermieter, [&hellip;]\" \/>\n<meta property=\"og:url\" content=\"https:\/\/gute-quellen.koeln\/ru\/weitere-hilfen\/beratung-in-koeln\/kirchen-und-sozialverbaende\/\" \/>\n<meta property=\"og:site_name\" content=\"Gute-Quellen.Koeln\" \/>\n<meta property=\"article:modified_time\" content=\"2024-01-20T19:38:46+00:00\" \/>\n<meta property=\"og:image\" content=\"https:\/\/gute-quellen.koeln\/wp-content\/uploads\/2023\/12\/Bildschirmfoto-2023-12-04-um-18.32.10.jpeg\" \/>\n<meta name=\"twitter:card\" content=\"summary_large_image\" \/>\n<meta name=\"twitter:label1\" content=\"\u041f\u0440\u0438\u043c\u0435\u0440\u043d\u043e\u0435 \u0432\u0440\u0435\u043c\u044f \u0434\u043b\u044f \u0447\u0442\u0435\u043d\u0438\u044f\" \/>\n\t<meta name=\"twitter:data1\" content=\"6 \u043c\u0438\u043d\u0443\u0442\" \/>\n<script type=\"application\/ld+json\" class=\"yoast-schema-graph\">{\"@context\":\"https:\/\/schema.org\",\"@graph\":[{\"@type\":\"WebPage\",\"@id\":\"https:\/\/gute-quellen.koeln\/weitere-hilfen\/beratung-in-koeln\/kirchen-und-sozialverbaende\/\",\"url\":\"https:\/\/gute-quellen.koeln\/weitere-hilfen\/beratung-in-koeln\/kirchen-und-sozialverbaende\/\",\"name\":\"Kirchen- und Sozialverb\u00e4nde - Gute-Quellen.Koeln\",\"isPartOf\":{\"@id\":\"https:\/\/gute-quellen.koeln\/#website\"},\"primaryImageOfPage\":{\"@id\":\"https:\/\/gute-quellen.koeln\/weitere-hilfen\/beratung-in-koeln\/kirchen-und-sozialverbaende\/#primaryimage\"},\"image\":{\"@id\":\"https:\/\/gute-quellen.koeln\/weitere-hilfen\/beratung-in-koeln\/kirchen-und-sozialverbaende\/#primaryimage\"},\"thumbnailUrl\":\"https:\/\/gute-quellen.koeln\/wp-content\/uploads\/2023\/12\/Bildschirmfoto-2023-12-04-um-18.32.10.jpeg\",\"datePublished\":\"2024-01-19T14:26:46+00:00\",\"dateModified\":\"2024-01-20T19:38:46+00:00\",\"breadcrumb\":{\"@id\":\"https:\/\/gute-quellen.koeln\/weitere-hilfen\/beratung-in-koeln\/kirchen-und-sozialverbaende\/#breadcrumb\"},\"inLanguage\":\"ru-RU\",\"potentialAction\":[{\"@type\":\"ReadAction\",\"target\":[\"https:\/\/gute-quellen.koeln\/weitere-hilfen\/beratung-in-koeln\/kirchen-und-sozialverbaende\/\"]}]},{\"@type\":\"ImageObject\",\"inLanguage\":\"ru-RU\",\"@id\":\"https:\/\/gute-quellen.koeln\/weitere-hilfen\/beratung-in-koeln\/kirchen-und-sozialverbaende\/#primaryimage\",\"url\":\"https:\/\/gute-quellen.koeln\/wp-content\/uploads\/2023\/12\/Bildschirmfoto-2023-12-04-um-18.32.10.jpeg\",\"contentUrl\":\"https:\/\/gute-quellen.koeln\/wp-content\/uploads\/2023\/12\/Bildschirmfoto-2023-12-04-um-18.32.10.jpeg\"},{\"@type\":\"BreadcrumbList\",\"@id\":\"https:\/\/gute-quellen.koeln\/weitere-hilfen\/beratung-in-koeln\/kirchen-und-sozialverbaende\/#breadcrumb\",\"itemListElement\":[{\"@type\":\"ListItem\",\"position\":1,\"name\":\"Startseite\",\"item\":\"https:\/\/gute-quellen.koeln\/\"},{\"@type\":\"ListItem\",\"position\":2,\"name\":\"Weitere Hilfen\",\"item\":\"https:\/\/gute-quellen.koeln\/weitere-hilfen\/\"},{\"@type\":\"ListItem\",\"position\":3,\"name\":\"Beratung &#8211; Weitere Hilfen\",\"item\":\"https:\/\/gute-quellen.koeln\/weitere-hilfen\/beratung-in-koeln\/\"},{\"@type\":\"ListItem\",\"position\":4,\"name\":\"Kirchen- und Sozialverb\u00e4nde\"}]},{\"@type\":\"WebSite\",\"@id\":\"https:\/\/gute-quellen.koeln\/#website\",\"url\":\"https:\/\/gute-quellen.koeln\/\",\"name\":\"Gute-Quellen.Koeln\",\"description\":\"Finanzielle Hilfen, Beratung, Spartipps und Teilhabe bei drohendem Wohnungsverlust und drohender Altersarmut.\",\"publisher\":{\"@id\":\"https:\/\/gute-quellen.koeln\/#organization\"},\"potentialAction\":[{\"@type\":\"SearchAction\",\"target\":{\"@type\":\"EntryPoint\",\"urlTemplate\":\"https:\/\/gute-quellen.koeln\/?s={search_term_string}\"},\"query-input\":{\"@type\":\"PropertyValueSpecification\",\"valueRequired\":true,\"valueName\":\"search_term_string\"}}],\"inLanguage\":\"ru-RU\"},{\"@type\":\"Organization\",\"@id\":\"https:\/\/gute-quellen.koeln\/#organization\",\"name\":\"Medienmanagement Institut e.V.\",\"url\":\"https:\/\/gute-quellen.koeln\/\",\"logo\":{\"@type\":\"ImageObject\",\"inLanguage\":\"ru-RU\",\"@id\":\"https:\/\/gute-quellen.koeln\/#\/schema\/logo\/image\/\",\"url\":\"https:\/\/gute-quellen.koeln\/wp-content\/uploads\/2020\/07\/gute-quellen-logo-ideen-1.png\",\"contentUrl\":\"https:\/\/gute-quellen.koeln\/wp-content\/uploads\/2020\/07\/gute-quellen-logo-ideen-1.png\",\"width\":313,\"height\":313,\"caption\":\"Medienmanagement Institut e.V.\"},\"image\":{\"@id\":\"https:\/\/gute-quellen.koeln\/#\/schema\/logo\/image\/\"}}]}<\/script>\n<!-- \/ Yoast SEO plugin. -->","yoast_head_json":{"title":"Kirchen- und Sozialverb\u00e4nde - Gute-Quellen.Koeln","robots":{"index":"index","follow":"follow","max-snippet":"max-snippet:-1","max-image-preview":"max-image-preview:large","max-video-preview":"max-video-preview:-1"},"canonical":"https:\/\/gute-quellen.koeln\/ru\/weitere-hilfen\/beratung-in-koeln\/kirchen-und-sozialverbaende\/","og_locale":"ru_RU","og_type":"article","og_title":"Kirchen- und Sozialverb\u00e4nde - Gute-Quellen.Koeln","og_description":"Kirchen- und Sozialverb\u00e4nde Die \u201cFachstelle Wohnen, wirtschaftliche Hilfen, ResoDienste\u201d vom Sozialamt bietet Unterst\u00fctzung f\u00fcr Menschen in K\u00f6ln, die mit Wohnungsproblemen konfrontiert sind oder in anderen schwierigen Lebenssituationen Hilfe ben\u00f6tigen. Dazu geh\u00f6ren finanzielle Hilfen, Beratung bei Wohnproblemen, Unterst\u00fctzung f\u00fcr Obdachlose und Personen, die soziale Schwierigkeiten bew\u00e4ltigen m\u00fcssen. F\u00fcr wen ist Wohngeld gedacht? Wohngeldberechtigt sind Mieter, Untermieter, [&hellip;]","og_url":"https:\/\/gute-quellen.koeln\/ru\/weitere-hilfen\/beratung-in-koeln\/kirchen-und-sozialverbaende\/","og_site_name":"Gute-Quellen.Koeln","article_modified_time":"2024-01-20T19:38:46+00:00","og_image":[{"url":"https:\/\/gute-quellen.koeln\/wp-content\/uploads\/2023\/12\/Bildschirmfoto-2023-12-04-um-18.32.10.jpeg","type":"","width":"","height":""}],"twitter_card":"summary_large_image","twitter_misc":{"\u041f\u0440\u0438\u043c\u0435\u0440\u043d\u043e\u0435 \u0432\u0440\u0435\u043c\u044f \u0434\u043b\u044f \u0447\u0442\u0435\u043d\u0438\u044f":"6 \u043c\u0438\u043d\u0443\u0442"},"schema":{"@context":"https:\/\/schema.org","@graph":[{"@type":"WebPage","@id":"https:\/\/gute-quellen.koeln\/weitere-hilfen\/beratung-in-koeln\/kirchen-und-sozialverbaende\/","url":"https:\/\/gute-quellen.koeln\/weitere-hilfen\/beratung-in-koeln\/kirchen-und-sozialverbaende\/","name":"Kirchen- und Sozialverb\u00e4nde - Gute-Quellen.Koeln","isPartOf":{"@id":"https:\/\/gute-quellen.koeln\/#website"},"primaryImageOfPage":{"@id":"https:\/\/gute-quellen.koeln\/weitere-hilfen\/beratung-in-koeln\/kirchen-und-sozialverbaende\/#primaryimage"},"image":{"@id":"https:\/\/gute-quellen.koeln\/weitere-hilfen\/beratung-in-koeln\/kirchen-und-sozialverbaende\/#primaryimage"},"thumbnailUrl":"https:\/\/gute-quellen.koeln\/wp-content\/uploads\/2023\/12\/Bildschirmfoto-2023-12-04-um-18.32.10.jpeg","datePublished":"2024-01-19T14:26:46+00:00","dateModified":"2024-01-20T19:38:46+00:00","breadcrumb":{"@id":"https:\/\/gute-quellen.koeln\/weitere-hilfen\/beratung-in-koeln\/kirchen-und-sozialverbaende\/#breadcrumb"},"inLanguage":"ru-RU","potentialAction":[{"@type":"ReadAction","target":["https:\/\/gute-quellen.koeln\/weitere-hilfen\/beratung-in-koeln\/kirchen-und-sozialverbaende\/"]}]},{"@type":"ImageObject","inLanguage":"ru-RU","@id":"https:\/\/gute-quellen.koeln\/weitere-hilfen\/beratung-in-koeln\/kirchen-und-sozialverbaende\/#primaryimage","url":"https:\/\/gute-quellen.koeln\/wp-content\/uploads\/2023\/12\/Bildschirmfoto-2023-12-04-um-18.32.10.jpeg","contentUrl":"https:\/\/gute-quellen.koeln\/wp-content\/uploads\/2023\/12\/Bildschirmfoto-2023-12-04-um-18.32.10.jpeg"},{"@type":"BreadcrumbList","@id":"https:\/\/gute-quellen.koeln\/weitere-hilfen\/beratung-in-koeln\/kirchen-und-sozialverbaende\/#breadcrumb","itemListElement":[{"@type":"ListItem","position":1,"name":"Startseite","item":"https:\/\/gute-quellen.koeln\/"},{"@type":"ListItem","position":2,"name":"Weitere Hilfen","item":"https:\/\/gute-quellen.koeln\/weitere-hilfen\/"},{"@type":"ListItem","position":3,"name":"Beratung &#8211; Weitere Hilfen","item":"https:\/\/gute-quellen.koeln\/weitere-hilfen\/beratung-in-koeln\/"},{"@type":"ListItem","position":4,"name":"Kirchen- und Sozialverb\u00e4nde"}]},{"@type":"WebSite","@id":"https:\/\/gute-quellen.koeln\/#website","url":"https:\/\/gute-quellen.koeln\/","name":"Good-Sources.Cologne","description":"\u0424\u0438\u043d\u0430\u043d\u0441\u043e\u0432\u0430\u044f \u043f\u043e\u043c\u043e\u0449\u044c, \u0441\u043e\u0432\u0435\u0442\u044b, \u0440\u0435\u043a\u043e\u043c\u0435\u043d\u0434\u0430\u0446\u0438\u0438 \u043f\u043e \u044d\u043a\u043e\u043d\u043e\u043c\u0438\u0438 \u0438 \u0443\u0447\u0430\u0441\u0442\u0438\u0435 \u0432 \u0441\u043b\u0443\u0447\u0430\u0435 \u043f\u0440\u0435\u0434\u0441\u0442\u043e\u044f\u0449\u0435\u0439 \u043f\u043e\u0442\u0435\u0440\u0438 \u0436\u0438\u043b\u044c\u044f \u0438 \u043d\u0430\u0434\u0432\u0438\u0433\u0430\u044e\u0449\u0435\u0439\u0441\u044f \u043d\u0438\u0449\u0435\u0442\u044b \u0432 \u0441\u0442\u0430\u0440\u043e\u0441\u0442\u0438.","publisher":{"@id":"https:\/\/gute-quellen.koeln\/#organization"},"potentialAction":[{"@type":"SearchAction","target":{"@type":"EntryPoint","urlTemplate":"https:\/\/gute-quellen.koeln\/?s={search_term_string}"},"query-input":{"@type":"PropertyValueSpecification","valueRequired":true,"valueName":"search_term_string"}}],"inLanguage":"ru-RU"},{"@type":"Organization","@id":"https:\/\/gute-quellen.koeln\/#organization","name":"Medienmanagement Institut e.V.","url":"https:\/\/gute-quellen.koeln\/","logo":{"@type":"ImageObject","inLanguage":"ru-RU","@id":"https:\/\/gute-quellen.koeln\/#\/schema\/logo\/image\/","url":"https:\/\/gute-quellen.koeln\/wp-content\/uploads\/2020\/07\/gute-quellen-logo-ideen-1.png","contentUrl":"https:\/\/gute-quellen.koeln\/wp-content\/uploads\/2020\/07\/gute-quellen-logo-ideen-1.png","width":313,"height":313,"caption":"Medienmanagement Institut e.V."},"image":{"@id":"https:\/\/gute-quellen.koeln\/#\/schema\/logo\/image\/"}}]}},"_links":{"self":[{"href":"https:\/\/gute-quellen.koeln\/ru\/wp-json\/wp\/v2\/pages\/10339","targetHints":{"allow":["GET"]}}],"collection":[{"href":"https:\/\/gute-quellen.koeln\/ru\/wp-json\/wp\/v2\/pages"}],"about":[{"href":"https:\/\/gute-quellen.koeln\/ru\/wp-json\/wp\/v2\/types\/page"}],"author":[{"embeddable":true,"href":"https:\/\/gute-quellen.koeln\/ru\/wp-json\/wp\/v2\/users\/4"}],"replies":[{"embeddable":true,"href":"https:\/\/gute-quellen.koeln\/ru\/wp-json\/wp\/v2\/comments?post=10339"}],"version-history":[{"count":10,"href":"https:\/\/gute-quellen.koeln\/ru\/wp-json\/wp\/v2\/pages\/10339\/revisions"}],"predecessor-version":[{"id":12182,"href":"https:\/\/gute-quellen.koeln\/ru\/wp-json\/wp\/v2\/pages\/10339\/revisions\/12182"}],"up":[{"embeddable":true,"href":"https:\/\/gute-quellen.koeln\/ru\/wp-json\/wp\/v2\/pages\/9010"}],"wp:attachment":[{"href":"https:\/\/gute-quellen.koeln\/ru\/wp-json\/wp\/v2\/media?parent=10339"}],"curies":[{"name":"wp","href":"https:\/\/api.w.org\/{rel}","templated":true}]}}