{"id":3,"date":"2023-11-05T08:42:57","date_gmt":"2023-11-05T08:42:57","guid":{"rendered":"https:\/\/gute-quellen.koeln\/?page_id=3"},"modified":"2024-01-02T12:16:42","modified_gmt":"2024-01-02T11:16:42","slug":"datenschutz","status":"publish","type":"page","link":"https:\/\/gute-quellen.koeln\/tr\/datenschutz\/","title":{"rendered":"Veri koruma"},"content":{"rendered":"<div data-elementor-type=\"wp-page\" data-elementor-id=\"3\" class=\"elementor elementor-3\" data-elementor-post-type=\"page\">\n\t\t\t\t<div class=\"elementor-element elementor-element-36a2cf0 e-flex e-con-boxed e-con e-parent\" data-id=\"36a2cf0\" data-element_type=\"container\" data-e-type=\"container\" data-settings=\"{&quot;background_background&quot;:&quot;classic&quot;}\">\n\t\t\t\t\t<div class=\"e-con-inner\">\n\t\t\t\t<div class=\"elementor-element elementor-element-ea9ddf4 elementor-widget elementor-widget-breadcrumbs\" data-id=\"ea9ddf4\" data-element_type=\"widget\" data-e-type=\"widget\" data-widget_type=\"breadcrumbs.default\">\n\t\t\t\t<div class=\"elementor-widget-container\">\n\t\t\t\t\t<p id=\"breadcrumbs\"><span><span><a href=\"https:\/\/gute-quellen.koeln\/tr\/\">Evimiz<\/a><\/span><\/span><\/p>\t\t\t\t<\/div>\n\t\t\t\t<\/div>\n\t\t\t\t\t<\/div>\n\t\t\t\t<\/div>\n\t\t\t\t<section class=\"elementor-section elementor-top-section elementor-element elementor-element-ca0f606 elementor-hidden-tablet elementor-hidden-mobile elementor-section-boxed elementor-section-height-default elementor-section-height-default\" data-id=\"ca0f606\" data-element_type=\"section\" data-e-type=\"section\" data-settings=\"{&quot;background_background&quot;:&quot;classic&quot;}\">\n\t\t\t\t\t\t\t<div class=\"elementor-background-overlay\"><\/div>\n\t\t\t\t\t\t\t<div class=\"elementor-container elementor-column-gap-default\">\n\t\t\t\t\t<div class=\"elementor-column elementor-col-100 elementor-top-column elementor-element elementor-element-b847f90\" data-id=\"b847f90\" data-element_type=\"column\" data-e-type=\"column\">\n\t\t\t<div class=\"elementor-widget-wrap elementor-element-populated\">\n\t\t\t\t\t\t\t<\/div>\n\t\t<\/div>\n\t\t\t\t\t<\/div>\n\t\t<\/section>\n\t\t<div class=\"elementor-element elementor-element-b00e77b e-flex e-con-boxed e-con e-parent\" data-id=\"b00e77b\" data-element_type=\"container\" data-e-type=\"container\">\n\t\t\t\t\t<div class=\"e-con-inner\">\n\t\t<div class=\"elementor-element elementor-element-f71ac70 e-con-full e-flex e-con e-child\" data-id=\"f71ac70\" data-element_type=\"container\" data-e-type=\"container\">\n\t\t\t\t<div class=\"elementor-element elementor-element-4410d2f elementor-widget elementor-widget-heading\" data-id=\"4410d2f\" data-element_type=\"widget\" data-e-type=\"widget\" data-widget_type=\"heading.default\">\n\t\t\t\t<div class=\"elementor-widget-container\">\n\t\t\t\t\t<h2 class=\"elementor-heading-title elementor-size-default\">Veri koruma<\/h2>\t\t\t\t<\/div>\n\t\t\t\t<\/div>\n\t\t\t\t<\/div>\n\t\t\t\t\t<\/div>\n\t\t\t\t<\/div>\n\t\t<div class=\"elementor-element elementor-element-8d778dd e-flex e-con-boxed e-con e-parent\" data-id=\"8d778dd\" data-element_type=\"container\" data-e-type=\"container\">\n\t\t\t\t\t<div class=\"e-con-inner\">\n\t\t\t\t<div class=\"elementor-element elementor-element-3ffae02 elementor-widget elementor-widget-text-editor\" data-id=\"3ffae02\" data-element_type=\"widget\" data-e-type=\"widget\" data-widget_type=\"text-editor.default\">\n\t\t\t\t<div class=\"elementor-widget-container\">\n\t\t\t\t\t\t\t\t\t<p><strong>GDPR Madde 4 (7) uyar\u0131nca kontrol\u00f6r\u00fcn ad\u0131 ve ileti\u015fim bilgileri<\/strong><\/p><p>\u015eirket: Medien Management Institut e.V.<\/p><p>Adres:<br \/>Mediapark 4c'de<br \/>50670 K\u00f6ln<\/p><p>Telefon: +49 (221) 9731 9961<br \/>Faks: +49 (221) 9731 9917<br \/>E-posta: office@memi-koeln.de<\/p><p><strong><br \/>Ki\u015fisel verilerinizin g\u00fcvenli\u011fi ve korunmas\u0131<\/strong><\/p><p>Sa\u011flad\u0131\u011f\u0131n\u0131z ki\u015fisel verilerin gizlili\u011fini koruman\u0131n ve yetkisiz eri\u015fime kar\u015f\u0131 koruman\u0131n birincil g\u00f6revimiz oldu\u011funu d\u00fc\u015f\u00fcn\u00fcyoruz. Bu nedenle, ki\u015fisel verilerinizin maksimum d\u00fczeyde korunmas\u0131n\u0131 sa\u011flamak i\u00e7in azami \u00f6zen g\u00f6steriyor ve en son g\u00fcvenlik standartlar\u0131n\u0131 uyguluyoruz.<\/p><p>\u00d6zel hukuka tabi bir \u015firket olarak, Avrupa Genel Veri Koruma Y\u00f6netmeli\u011fi (GDPR) h\u00fck\u00fcmlerine ve Alman Federal Veri Koruma Yasas\u0131 (BDSG) h\u00fck\u00fcmlerine tabiyiz. Hem kendimizin hem de harici hizmet sa\u011flay\u0131c\u0131lar\u0131m\u0131z\u0131n veri koruma d\u00fczenlemelerine uymas\u0131n\u0131 sa\u011flamak i\u00e7in teknik ve organizasyonel \u00f6nlemler ald\u0131k.<\/p><p><strong>Tan\u0131mlar<\/strong><\/p><p>Yasa koyucu, ki\u015fisel verilerin hukuka uygun, adil ve ilgili ki\u015fi taraf\u0131ndan anla\u015f\u0131labilir bir \u015fekilde i\u015flenmesini (\"hukuka uygunluk, adalet ve \u015feffafl\u0131k\") \u015fart ko\u015fmaktad\u0131r. Bunu sa\u011flamak i\u00e7in, sizi bu gizlilik politikas\u0131nda da kullan\u0131lan bireysel yasal tan\u0131mlar hakk\u0131nda bilgilendiriyoruz:<\/p><ol><li><strong>Ki\u015fisel veriler<\/strong><\/li><\/ol><p>\"Ki\u015fisel veri\", tan\u0131mlanm\u0131\u015f veya tan\u0131mlanabilir bir ger\u00e7ek ki\u015fiye (bundan b\u00f6yle \"veri sahibi\" olarak an\u0131lacakt\u0131r) ili\u015fkin her t\u00fcrl\u00fc bilgi anlam\u0131na gelir; tan\u0131mlanabilir bir ger\u00e7ek ki\u015fi, do\u011frudan veya dolayl\u0131 olarak, \u00f6zellikle bir isim, kimlik numaras\u0131, konum verileri, \u00e7evrimi\u00e7i bir tan\u0131mlay\u0131c\u0131 gibi bir tan\u0131mlay\u0131c\u0131ya veya s\u00f6z konusu ger\u00e7ek ki\u015finin fiziksel, fizyolojik, genetik, zihinsel, ekonomik, k\u00fclt\u00fcrel veya sosyal kimli\u011fine \u00f6zg\u00fc bir veya daha fazla fakt\u00f6re at\u0131fta bulunularak tan\u0131mlanabilen ki\u015fidir.<\/p><ol start=\"2\"><li><strong>\u0130\u015fleme<\/strong><\/li><\/ol><p>\"\u0130\u015fleme\", otomatik yollarla olsun veya olmas\u0131n, ki\u015fisel veriler veya ki\u015fisel veri k\u00fcmeleri \u00fczerinde ger\u00e7ekle\u015ftirilen toplama, kaydetme, d\u00fczenleme, yap\u0131land\u0131rma, depolama, uyarlama veya de\u011fi\u015ftirme, geri alma, dan\u0131\u015fma, kullanma, iletim yoluyla if\u015fa etme, yayma veya ba\u015fka bir \u015fekilde kullan\u0131ma sunma, hizalama veya birle\u015ftirme, k\u0131s\u0131tlama, silme veya imha etme gibi herhangi bir i\u015flem veya i\u015flemler dizisi anlam\u0131na gelir.<\/p><ol start=\"3\"><li><strong>\u0130\u015flemenin k\u0131s\u0131tlanmas\u0131<\/strong><\/li><\/ol><p>\"\u0130\u015flemenin k\u0131s\u0131tlanmas\u0131\", saklanan ki\u015fisel verilerin gelecekte i\u015flenmesini k\u0131s\u0131tlamak amac\u0131yla i\u015faretlenmesidir.<\/p><ol start=\"4\"><li><strong>Profil Olu\u015fturma<\/strong><\/li><\/ol><p>\"Profil olu\u015fturma\", bir ger\u00e7ek ki\u015fiyle ilgili belirli ki\u015fisel hususlar\u0131 de\u011ferlendirmek, \u00f6zellikle de s\u00f6z konusu ger\u00e7ek ki\u015finin i\u015fteki performans\u0131, ekonomik durumu, sa\u011fl\u0131\u011f\u0131, ki\u015fisel tercihleri, ilgi alanlar\u0131, g\u00fcvenilirli\u011fi, davran\u0131\u015flar\u0131, konumu veya hareketleriyle ilgili hususlar\u0131 analiz etmek veya tahmin etmek amac\u0131yla ki\u015fisel verilerin kullan\u0131lmas\u0131n\u0131 i\u00e7eren ki\u015fisel verilerin her t\u00fcrl\u00fc otomatik i\u015fleme tabi tutulmas\u0131 anlam\u0131na gelmektedir.<\/p><ol start=\"5\"><li><strong>Takma adland\u0131rma<\/strong><\/li><\/ol><p>\"Takma ad verme\", ki\u015fisel verilerin, s\u00f6z konusu ek bilgilerin ayr\u0131 tutulmas\u0131 ve ki\u015fisel verilerin kimli\u011fi belirli veya belirlenebilir bir ger\u00e7ek ki\u015fiye atfedilmemesini sa\u011flamak i\u00e7in teknik ve organizasyonel \u00f6nlemlere tabi olmas\u0131 ko\u015fuluyla, ki\u015fisel verilerin ek bilgiler kullan\u0131lmadan art\u0131k belirli bir veri sahibiyle ili\u015fkilendirilemeyece\u011fi \u015fekilde i\u015flenmesi anlam\u0131na gelir.<\/p><ol start=\"6\"><li><strong>Dosya sistemi<\/strong><\/li><\/ol><p>\"Dosya sistemi\", bu koleksiyonun merkezi, merkezi olmayan veya i\u015flevsel veya co\u011frafi y\u00f6nlere g\u00f6re d\u00fczenlenip d\u00fczenlenmedi\u011fine bak\u0131lmaks\u0131z\u0131n, belirli kriterlere g\u00f6re eri\u015filebilen herhangi bir yap\u0131land\u0131r\u0131lm\u0131\u015f ki\u015fisel veri koleksiyonu anlam\u0131na gelir.<\/p><ol start=\"7\"><li><strong>Sorumlu ki\u015fi<\/strong><\/li><\/ol><p>\"Kontrol\u00f6r\" tek ba\u015f\u0131na veya ba\u015fkalar\u0131yla birlikte ki\u015fisel verilerin i\u015flenme ama\u00e7lar\u0131n\u0131 ve ara\u00e7lar\u0131n\u0131 belirleyen ger\u00e7ek veya t\u00fczel ki\u015fi, kamu makam\u0131, ajans veya di\u011fer organ anlam\u0131na gelir; s\u00f6z konusu i\u015fleme ama\u00e7lar\u0131n\u0131n ve ara\u00e7lar\u0131n\u0131n Birlik veya \u00dcye Devlet hukuku taraf\u0131ndan belirlendi\u011fi durumlarda, kontrol\u00f6r veya atanmas\u0131na ili\u015fkin belirli kriterler Birlik veya \u00dcye Devlet hukuku taraf\u0131ndan sa\u011flanabilir.<strong style=\"color: var( --e-global-color-text ); font-family: var( --e-global-typography-text-font-family ), Sans-serif; font-size: var( --e-global-typography-text-font-size ); text-align: var(--text-align); letter-spacing: 0px;\">\u00a0<\/strong><\/p><ol start=\"8\"><li><strong>\u0130\u015flemci<\/strong><\/li><\/ol><p>\"\u0130\u015fleyici\" kontrol\u00f6r ad\u0131na ki\u015fisel verileri i\u015fleyen ger\u00e7ek veya t\u00fczel ki\u015fi, kamu otoritesi, ajans veya di\u011fer organ anlam\u0131na gelir.<\/p><ol start=\"9\"><li><strong>Al\u0131c\u0131<\/strong><\/li><\/ol><p>\"Al\u0131c\u0131\", \u00fc\u00e7\u00fcnc\u00fc taraf olsun ya da olmas\u0131n, ki\u015fisel verilerin if\u015fa edildi\u011fi ger\u00e7ek ya da t\u00fczel ki\u015fi, kamu makam\u0131, ajans ya da ba\u015fka bir organ anlam\u0131na gelir. Ancak, Birlik veya \u00dcye Devlet hukuku uyar\u0131nca belirli bir soru\u015fturma \u00e7er\u00e7evesinde ki\u015fisel verileri alabilecek olan kamu makamlar\u0131 al\u0131c\u0131 olarak kabul edilmez; bu verilerin s\u00f6z konusu kamu makamlar\u0131 taraf\u0131ndan i\u015flenmesi, i\u015fleme ama\u00e7lar\u0131na g\u00f6re ge\u00e7erli veri koruma kurallar\u0131na uygun olmal\u0131d\u0131r.<\/p><ol start=\"10\"><li><strong>\u00dc\u00e7\u00fcnc\u00fc<\/strong><\/li><\/ol><p>\"\u00dc\u00e7\u00fcnc\u00fc taraf\" veri sahibi, kontrol\u00f6r, i\u015fleyici ve kontrol\u00f6r veya i\u015fleyicinin do\u011frudan yetkisi alt\u0131nda ki\u015fisel verileri i\u015fleme yetkisine sahip olan ki\u015filer d\u0131\u015f\u0131nda bir ger\u00e7ek veya t\u00fczel ki\u015fi, kamu otoritesi, kurum veya kurulu\u015f anlam\u0131na gelir.<\/p><ol start=\"11\"><li><strong>R\u0131za<\/strong><\/li><\/ol><p>Veri sahibinin r\u0131zas\u0131, veri sahibinin bir beyanla veya a\u00e7\u0131k bir olumlu eylemle kendisiyle ilgili ki\u015fisel verilerin i\u015flenmesini kabul etti\u011fini belirtti\u011fi, \u00f6zg\u00fcrce verilmi\u015f, belirli, bilgilendirilmi\u015f ve a\u00e7\u0131k bir \u015fekilde belirtilmi\u015f herhangi bir istektir.<\/p><p><strong>\u0130\u015flemenin yasall\u0131\u011f\u0131<\/strong><\/p><p>Ki\u015fisel verilerin i\u015flenmesi, yaln\u0131zca i\u015fleme i\u00e7in yasal bir dayanak varsa yasald\u0131r. \u0130\u015fleme i\u00e7in yasal dayanak Madde 6 (1) uyar\u0131nca olabilir<br \/>lit. a - f GDPR \u00f6zellikle:<\/p><ol><li>Veri sahibi, ki\u015fisel verilerinin bir veya daha fazla \u00f6zel ama\u00e7 i\u00e7in i\u015flenmesine r\u0131za g\u00f6stermi\u015ftir;<\/li><li>Veri sahibinin taraf oldu\u011fu bir s\u00f6zle\u015fmenin ifas\u0131 i\u00e7in veya bir s\u00f6zle\u015fmeye girmeden \u00f6nce veri sahibinin talebi \u00fczerine ad\u0131mlar atmak i\u00e7in i\u015flemenin gerekli olmas\u0131;<\/li><li>Kontrol\u00f6r\u00fcn tabi oldu\u011fu yasal bir y\u00fck\u00fcml\u00fcl\u00fc\u011fe uymak i\u00e7in i\u015flemenin gerekli olmas\u0131;<\/li><li>Veri sahibinin veya ba\u015fka bir ger\u00e7ek ki\u015finin hayati \u00e7\u0131karlar\u0131n\u0131 korumak i\u00e7in i\u015flemenin gerekli olmas\u0131;<\/li><li>kamu yarar\u0131na ger\u00e7ekle\u015ftirilen bir g\u00f6revin yerine getirilmesi veya kontrol\u00f6re verilen resmi yetkinin kullan\u0131lmas\u0131 i\u00e7in i\u015fleme faaliyetinin gerekli olmas\u0131;<\/li><li>\u00f6zellikle veri sahibinin \u00e7ocuk oldu\u011fu durumlar olmak \u00fczere, ki\u015fisel verilerin korunmas\u0131n\u0131 gerektiren veri sahibinin menfaatleri veya temel hak ve \u00f6zg\u00fcrl\u00fckleri taraf\u0131ndan bu menfaatlerin ge\u00e7ersiz k\u0131l\u0131nd\u0131\u011f\u0131 durumlar haricinde, kontrol\u00f6r veya \u00fc\u00e7\u00fcnc\u00fc bir taraf\u00e7a g\u00f6zetilen me\u015fru menfaatler i\u00e7in i\u015fleme faaliyetinin gerekli olmas\u0131.<\/li><\/ol><div>\u00a0<\/div><p><strong>Ki\u015fisel verilerin toplanmas\u0131na ili\u015fkin bilgiler<\/strong><\/p><p>(1) A\u015fa\u011f\u0131da, web sitemizi kullan\u0131rken ki\u015fisel verilerin toplanmas\u0131 hakk\u0131nda bilgi veriyoruz. Ki\u015fisel veriler \u00f6rne\u011fin isim, adres, e-posta adresleri, kullan\u0131c\u0131 davran\u0131\u015flar\u0131d\u0131r.<\/p><p>(2) Bizimle e-posta veya bir ileti\u015fim formu arac\u0131l\u0131\u011f\u0131yla ileti\u015fime ge\u00e7erseniz, sa\u011flad\u0131\u011f\u0131n\u0131z veriler (e-posta adresiniz, ad\u0131n\u0131z ve varsa telefon numaran\u0131z) sorular\u0131n\u0131z\u0131 yan\u0131tlamak i\u00e7in taraf\u0131m\u0131zdan saklanacakt\u0131r. Bu ba\u011flamda ortaya \u00e7\u0131kan verileri, saklama art\u0131k gerekli olmad\u0131\u011f\u0131nda veya yasal saklama y\u00fck\u00fcml\u00fcl\u00fckleri varsa i\u015fleme k\u0131s\u0131tland\u0131\u011f\u0131nda sileriz.<\/p><p><strong>Web sitemizi ziyaret ederken ki\u015fisel verilerin toplanmas\u0131<\/strong><\/p><p>Web sitesini yaln\u0131zca bilgilendirme amac\u0131yla kullan\u0131rsan\u0131z, yani kay\u0131t yapt\u0131rmazsan\u0131z veya bize ba\u015fka bir \u015fekilde bilgi vermezseniz, yaln\u0131zca taray\u0131c\u0131n\u0131z\u0131n sunucumuza iletti\u011fi ki\u015fisel verileri toplar\u0131z. Web sitemizi g\u00f6r\u00fcnt\u00fclemek isterseniz, web sitemizi size g\u00f6stermek ve istikrar ve g\u00fcvenli\u011fi sa\u011flamak i\u00e7in teknik olarak gerekli olan a\u015fa\u011f\u0131daki verileri toplar\u0131z (yasal dayanak GDPR Madde 6 paragraf 1 c\u00fcmle 1 lit. f'dir):<\/p><ul><li>IP adresi<\/li><li>Sorgulama tarihi ve saati<\/li><li>Greenwich Ortalama Saati (GMT) ile saat dilimi fark\u0131<\/li><li>Talebin i\u00e7eri\u011fi (belirli bir sayfa)<\/li><li>Eri\u015fim durumu\/HTTP durum kodu<\/li><li>Her durumda aktar\u0131lan veri miktar\u0131<\/li><li>Talebin geldi\u011fi web sitesi<\/li><li>Taray\u0131c\u0131<\/li><li>\u0130\u015fletim sistemi ve aray\u00fcz\u00fc<\/li><li>Taray\u0131c\u0131 yaz\u0131l\u0131m\u0131n\u0131n dili ve s\u00fcr\u00fcm\u00fc.<\/li><\/ul><div>\u00a0<\/div><p><strong>\u00c7erezlerin kullan\u0131m\u0131<\/strong><\/p><p>(1) Yukar\u0131da belirtilen verilere ek olarak, web sitemizi kulland\u0131\u011f\u0131n\u0131zda bilgisayar\u0131n\u0131zda \u00e7erezler saklan\u0131r. \u00c7erezler, sabit diskinizde depolanan ve kulland\u0131\u011f\u0131n\u0131z taray\u0131c\u0131ya atanan ve belirli bilgilerin \u00e7erezi ayarlayan konuma akt\u0131\u011f\u0131 k\u00fc\u00e7\u00fck metin dosyalar\u0131d\u0131r. \u00c7erezler program y\u00fcr\u00fctemez veya bilgisayar\u0131n\u0131za vir\u00fcs aktaramaz. Web sitesini genel olarak daha kullan\u0131c\u0131 dostu ve etkili hale getirmek i\u00e7in kullan\u0131l\u0131rlar.<\/p><p>(2) Bu web sitesi, kapsam\u0131 ve i\u015flevi a\u015fa\u011f\u0131da a\u00e7\u0131klanan a\u015fa\u011f\u0131daki \u00e7erez t\u00fcrlerini kullan\u0131r:<\/p><ul><li>Ge\u00e7ici \u00e7erezler (bkz. a.)<\/li><li>Kal\u0131c\u0131 \u00e7erezler (bkz. b.).<\/li><\/ul><div>\u00a0<\/div><ol><li>Ge\u00e7ici \u00e7erezler, taray\u0131c\u0131y\u0131 kapatt\u0131\u011f\u0131n\u0131zda otomatik olarak silinir. Bunlar \u00f6zellikle oturum \u00e7erezlerini i\u00e7erir. Bunlar, taray\u0131c\u0131n\u0131zdan gelen \u00e7e\u015fitli taleplerin ortak oturuma atanabilece\u011fi bir oturum kimli\u011fi olarak adland\u0131r\u0131l\u0131r. Bu, web sitemize geri d\u00f6nd\u00fc\u011f\u00fcn\u00fczde bilgisayar\u0131n\u0131z\u0131n tan\u0131nmas\u0131n\u0131 sa\u011flar. Oturum \u00e7erezleri, oturumu kapatt\u0131\u011f\u0131n\u0131zda veya taray\u0131c\u0131y\u0131 kapatt\u0131\u011f\u0131n\u0131zda silinir.<\/li><\/ol><ol><li>Kal\u0131c\u0131 \u00e7erezler, \u00e7erezlere ba\u011fl\u0131 olarak de\u011fi\u015febilen belirli bir s\u00fcre sonra otomatik olarak silinir. Taray\u0131c\u0131n\u0131z\u0131n g\u00fcvenlik ayarlar\u0131ndan \u00e7erezleri istedi\u011finiz zaman silebilirsiniz.<\/li><\/ol><ol><li>Taray\u0131c\u0131 ayarlar\u0131n\u0131z\u0131 isteklerinize g\u00f6re yap\u0131land\u0131rabilir ve<br \/>B. \u00fc\u00e7\u00fcnc\u00fc taraf \u00e7erezlerini veya t\u00fcm \u00e7erezleri kabul etmeyi reddetme. \"\u00dc\u00e7\u00fcnc\u00fc taraf \u00e7erezleri\" olarak adland\u0131r\u0131lan \u00e7erezler, \u00fc\u00e7\u00fcnc\u00fc bir taraf\u00e7a ayarlanan ve bu nedenle o anda ziyaret etti\u011finiz ger\u00e7ek web sitesi taraf\u0131ndan ayarlanmayan \u00e7erezlerdir. \u00c7erezleri devre d\u0131\u015f\u0131 b\u0131rakt\u0131\u011f\u0131n\u0131zda bu web sitesinin t\u00fcm i\u015flevlerini kullanamayabilece\u011finizi belirtmek isteriz.<\/li><li>Bizde bir hesab\u0131n\u0131z varsa, sonraki ziyaretlerinizde sizi tan\u0131mlamak i\u00e7in \u00e7erezleri kullan\u0131r\u0131z. Aksi takdirde her ziyaret i\u00e7in yeniden giri\u015f yapman\u0131z gerekir.<\/li><li>Kullan\u0131lan Flash \u00e7erezleri taray\u0131c\u0131n\u0131z taraf\u0131ndan de\u011fil, Flash eklentiniz taraf\u0131ndan kaydedilir. Ayr\u0131ca son cihaz\u0131n\u0131zda depolanan HTML5 depolama nesnelerini de kullan\u0131yoruz. Bu nesneler, kulland\u0131\u011f\u0131n\u0131z taray\u0131c\u0131dan ba\u011f\u0131ms\u0131z olarak gerekli verileri depolar ve otomatik bir son kullanma tarihine sahip de\u011fildir. Flash \u00e7erezlerinin i\u015flenmesini istemiyorsan\u0131z, \u00f6rne\u011fin Mozilla Firefox i\u00e7in \"Better Privacy\" (https:\/\/addons.mozilla.org\/de\/firefox\/addon\/betterprivacy\/) veya Google Chrome i\u00e7in Adobe Flash Killer \u00e7erezi gibi uygun bir eklenti y\u00fcklemeniz gerekir. Taray\u0131c\u0131n\u0131z\u0131 \u00f6zel moda ayarlayarak HTML5 depolama nesnelerinin kullan\u0131m\u0131n\u0131 engelleyebilirsiniz. Ayr\u0131ca \u00e7erezlerinizi ve taray\u0131c\u0131 ge\u00e7mi\u015finizi d\u00fczenli olarak manuel olarak silmenizi \u00f6neririz.<\/li><\/ol><div>\u00a0<\/div><p><strong>Web sitemizdeki di\u011fer i\u015flevler ve teklifler<\/strong><\/p><p>(1) Web sitemizin tamamen bilgi ama\u00e7l\u0131 kullan\u0131m\u0131na ek olarak, ilgilenmeniz halinde kullanabilece\u011finiz \u00e7e\u015fitli hizmetler sunuyoruz. Bunu yapmak i\u00e7in, genellikle ilgili hizmeti sa\u011flamak i\u00e7in kulland\u0131\u011f\u0131m\u0131z ve yukar\u0131da belirtilen veri i\u015fleme ilkelerinin ge\u00e7erli oldu\u011fu ek ki\u015fisel veriler sa\u011flaman\u0131z gerekir.<\/p><p>(2) Baz\u0131 durumlarda, verilerinizi i\u015flemek i\u00e7in harici hizmet sa\u011flay\u0131c\u0131lar\u0131 kullan\u0131r\u0131z. Bunlar taraf\u0131m\u0131zdan \u00f6zenle se\u00e7ilmi\u015f ve g\u00f6revlendirilmi\u015ftir, talimatlar\u0131m\u0131za ba\u011fl\u0131d\u0131r ve d\u00fczenli olarak denetlenmektedir.<\/p><p>(3) Ayr\u0131ca, ortaklarla birlikte promosyonlara, yar\u0131\u015fmalara, s\u00f6zle\u015fme sonu\u00e7lar\u0131na veya benzer hizmetlere kat\u0131l\u0131m sundu\u011fumuzda ki\u015fisel verilerinizi \u00fc\u00e7\u00fcnc\u00fc taraflara aktarabiliriz. Ki\u015fisel verilerinizi verdi\u011finizde veya a\u015fa\u011f\u0131daki teklif a\u00e7\u0131klamas\u0131nda bu konuda daha ayr\u0131nt\u0131l\u0131 bilgi alacaks\u0131n\u0131z.<\/p><p>(4) Hizmet sa\u011flay\u0131c\u0131lar\u0131m\u0131z veya ortaklar\u0131m\u0131z Avrupa Ekonomik Alan\u0131 (EEA) d\u0131\u015f\u0131ndaki bir \u00fclkede bulunuyorsa, teklifin a\u00e7\u0131klamas\u0131nda bu durumun sonu\u00e7lar\u0131 hakk\u0131nda sizi bilgilendirece\u011fiz.<\/p><p><strong>\u00c7ocuklar<\/strong><\/p><p>Hizmetlerimiz genel olarak yeti\u015fkinlere y\u00f6neliktir. Ebeveynlerinin veya yasal vasilerinin izni olmadan 18 ya\u015f\u0131n alt\u0131ndaki ki\u015filer bize herhangi bir ki\u015fisel veri iletmemelidir.<\/p><p><strong>\u00a0<\/strong><\/p><p><strong>Veri sahibinin haklar\u0131<\/strong><\/p><p><strong>(1) Onay\u0131n iptal edilmesi<\/strong><\/p><p>Ki\u015fisel verilerin i\u015flenmesi r\u0131zaya dayan\u0131yorsa, r\u0131zan\u0131z\u0131 istedi\u011finiz zaman geri \u00e7ekme hakk\u0131na sahipsiniz. R\u0131zan\u0131n geri \u00e7ekilmesi, geri \u00e7ekilmeden \u00f6nce r\u0131zaya dayal\u0131 i\u015flemenin yasall\u0131\u011f\u0131n\u0131 etkilemeyecektir.<\/p><p>\u0130ptal hakk\u0131n\u0131z\u0131 kullanmak i\u00e7in istedi\u011finiz zaman bizimle ileti\u015fime ge\u00e7ebilirsiniz.<\/p><p><strong>(2)<\/strong><strong>Teyit hakk\u0131<\/strong><\/p><p>Sizinle ilgili ki\u015fisel verileri i\u015fleyip i\u015flemedi\u011fimiz konusunda kontrol\u00f6rden onay talep etme hakk\u0131na sahipsiniz. Yukar\u0131daki ileti\u015fim bilgilerini kullanarak istedi\u011finiz zaman onay talep edebilirsiniz.<\/p><p><strong>(3) Bilgi edinme hakk\u0131<\/strong><\/p><p>Ki\u015fisel verileriniz i\u015flenmi\u015fse, diledi\u011finiz zaman bu ki\u015fisel verilerinizle ilgili bilgi ve a\u015fa\u011f\u0131daki bilgileri talep edebilirsiniz:<\/p><ol><li>i\u015fleme ama\u00e7lar\u0131;<\/li><li>i\u015flenen ki\u015fisel veri kategorileri;<\/li><li>\u00f6zellikle \u00fc\u00e7\u00fcnc\u00fc \u00fclkelerdeki veya uluslararas\u0131 kurulu\u015flardaki al\u0131c\u0131lar olmak \u00fczere ki\u015fisel verilerin if\u015fa edildi\u011fi veya edilece\u011fi al\u0131c\u0131lar veya al\u0131c\u0131 kategorileri;<\/li><li>m\u00fcmk\u00fcnse, ki\u015fisel verilerin saklanaca\u011f\u0131 \u00f6ng\u00f6r\u00fclen s\u00fcre veya m\u00fcmk\u00fcn de\u011filse, bu s\u00fcreyi belirlemek i\u00e7in kullan\u0131lan kriterler;<\/li><li>sizinle ilgili ki\u015fisel verilerin d\u00fczeltilmesi veya silinmesi ya da kontrol\u00f6r taraf\u0131ndan i\u015flenmesinin k\u0131s\u0131tlanmas\u0131 veya bu t\u00fcr bir i\u015flemeye itiraz etme hakk\u0131n\u0131n varl\u0131\u011f\u0131;<\/li><li>bir denetim makam\u0131na itiraz hakk\u0131n\u0131n varl\u0131\u011f\u0131;<\/li><li>ki\u015fisel veriler veri sahibinden toplanmam\u0131\u015fsa, verilerin kayna\u011f\u0131 hakk\u0131nda mevcut t\u00fcm bilgiler;<\/li><li>GDPR Madde 22(1) ve (4)'te at\u0131fta bulunulan profil olu\u015fturma da dahil olmak \u00fczere otomatik karar vermenin varl\u0131\u011f\u0131 ve en az\u0131ndan bu durumlarda, ilgili mant\u0131k hakk\u0131nda anlaml\u0131 bilgilerin yan\u0131 s\u0131ra s\u00f6z konusu i\u015flemenin veri sahibi i\u00e7in \u00f6nemi ve \u00f6ng\u00f6r\u00fclen sonu\u00e7lar\u0131.<\/li><\/ol><p>Ki\u015fisel verilerin \u00fc\u00e7\u00fcnc\u00fc bir \u00fclkeye veya uluslararas\u0131 bir kurulu\u015fa aktar\u0131lmas\u0131 durumunda, aktar\u0131mla ba\u011flant\u0131l\u0131 olarak GDPR Madde 46 uyar\u0131nca uygun koruma \u00f6nlemleri hakk\u0131nda bilgi alma hakk\u0131na sahipsiniz. \u0130\u015flemeye konu olan ki\u015fisel verilerin bir kopyas\u0131n\u0131 sa\u011flayaca\u011f\u0131z. Talep etti\u011finiz di\u011fer kopyalar i\u00e7in idari maliyetlere dayal\u0131 makul bir \u00fccret talep edebiliriz. Talebi elektronik olarak yapman\u0131z halinde, aksi belirtilmedik\u00e7e bilgiler yayg\u0131n olarak kullan\u0131lan bir elektronik formatta sa\u011flanacakt\u0131r. Paragraf 3 uyar\u0131nca bir kopya alma hakk\u0131, di\u011fer ki\u015filerin hak ve \u00f6zg\u00fcrl\u00fcklerini olumsuz y\u00f6nde etkilememelidir.<\/p><p><strong>(4) D\u00fczeltme hakk\u0131\u00a0\u00a0\u00a0<\/strong><\/p><p>Sizinle ilgili yanl\u0131\u015f ki\u015fisel verilerin d\u00fczeltilmesini gecikmeksizin bizden talep etme hakk\u0131na sahipsiniz. \u0130\u015fleme ama\u00e7lar\u0131 dikkate al\u0131nd\u0131\u011f\u0131nda, ek bir beyan sa\u011flamak da dahil olmak \u00fczere, eksik ki\u015fisel verilerin tamamlanmas\u0131n\u0131 sa\u011flama hakk\u0131na sahipsiniz.<\/p><p><strong>(5) Silme hakk\u0131 (\"unutulma hakk\u0131\")<\/strong><\/p><p>Kontrol\u00f6rden sizinle ilgili ki\u015fisel verilerin gereksiz gecikme olmaks\u0131z\u0131n silinmesini talep etme hakk\u0131na sahipsiniz ve a\u015fa\u011f\u0131daki gerek\u00e7elerden birinin ge\u00e7erli oldu\u011fu durumlarda ki\u015fisel verileri gereksiz gecikme olmaks\u0131z\u0131n silmekle y\u00fck\u00fcml\u00fcy\u00fcz:<\/p><ol><li>Ki\u015fisel veriler, topland\u0131klar\u0131 veya ba\u015fka bir \u015fekilde i\u015flendikleri ama\u00e7lar i\u00e7in art\u0131k gerekli de\u011fildir.<\/li><li>Veri sahibi, GDPR Madde 6(1)'in (a) bendine veya Madde 9(2)'nin (a) bendine g\u00f6re i\u015flemenin dayand\u0131\u011f\u0131 r\u0131zay\u0131 geri \u00e7ekerse ve i\u015fleme i\u00e7in ba\u015fka bir yasal gerek\u00e7e yoksa.<\/li><li>Veri sahibi GDPR Madde 21(1) uyar\u0131nca i\u015flemeye itiraz eder ve i\u015fleme i\u00e7in a\u011f\u0131r basan me\u015fru gerek\u00e7eler yoktur veya veri sahibi GDPR Madde 21(2) uyar\u0131nca i\u015flemeye itiraz eder.<\/li><li>Ki\u015fisel veriler hukuka ayk\u0131r\u0131 olarak i\u015flenmi\u015ftir.<\/li><li>Ki\u015fisel verilerin silinmesi, Birlik hukuku veya kontrol\u00f6r\u00fcn tabi oldu\u011fu \u00dcye Devletlerin hukuku kapsam\u0131nda yasal bir y\u00fck\u00fcml\u00fcl\u00fc\u011f\u00fcn yerine getirilmesi i\u00e7in gereklidir.<\/li><li>Ki\u015fisel veriler, GDPR Madde 8 (1) uyar\u0131nca sunulan bilgi toplumu hizmetleriyle ilgili olarak toplanm\u0131\u015ft\u0131r.<\/li><\/ol><p>Kontrol\u00f6r\u00fcn ki\u015fisel verileri alenile\u015ftirdi\u011fi ve 1. paragraf uyar\u0131nca ki\u015fisel verileri silmekle y\u00fck\u00fcml\u00fc oldu\u011fu hallerde, kontrol\u00f6r, mevcut teknolojiyi ve uygulama maliyetini dikkate alarak, ki\u015fisel verileri i\u015fleyen kontrol\u00f6rleri veri sahibinin s\u00f6z konusu kontrol\u00f6rler taraf\u0131ndan bu ki\u015fisel verilere y\u00f6nelik her t\u00fcrl\u00fc ba\u011flant\u0131n\u0131n veya bunlar\u0131n kopyas\u0131n\u0131n ya da \u00e7o\u011falt\u0131lmas\u0131n\u0131n silinmesini talep etti\u011fi hususunda bilgilendirmek i\u00e7in teknik tedbirler de dahil olmak \u00fczere makul ad\u0131mlar\u0131 atar.<\/p><p>\u0130\u015flemenin gerekli olmas\u0131 halinde silme hakk\u0131 (\"unutulma hakk\u0131\") mevcut de\u011fildir:<\/p><ul><li>ifade ve bilgi edinme \u00f6zg\u00fcrl\u00fc\u011f\u00fc hakk\u0131n\u0131 kullanmak;<\/li><li>kontrol\u00f6r\u00fcn tabi oldu\u011fu Birlik veya \u00dcye Devlet hukuku uyar\u0131nca i\u015fleme faaliyetinin ger\u00e7ekle\u015ftirilmesini gerektiren bir yasal y\u00fck\u00fcml\u00fcl\u00fc\u011fe uyulmas\u0131 veya kamu yarar\u0131na ger\u00e7ekle\u015ftirilen bir g\u00f6revin yerine getirilmesi ya da kontrol\u00f6re verilen resmi yetkinin kullan\u0131lmas\u0131;<\/li><li>GDPR Madde 9(2)(h) ve (i) ve Madde 9(3) uyar\u0131nca kamu sa\u011fl\u0131\u011f\u0131 alan\u0131nda kamu yarar\u0131 nedeniyle;<\/li><li>kamu yarar\u0131na ar\u015fivleme ama\u00e7lar\u0131, bilimsel veya tarihi ara\u015ft\u0131rma ama\u00e7lar\u0131 veya GDPR Madde 89(1) uyar\u0131nca istatistiksel ama\u00e7lar i\u00e7in, 1. paragrafta at\u0131fta bulunulan hakk\u0131n s\u00f6z konusu i\u015flemenin hedeflerine ula\u015f\u0131lmas\u0131n\u0131 imkans\u0131z hale getirmesi veya ciddi \u015fekilde bozmas\u0131 muhtemel oldu\u011fu s\u00fcrece veya<\/li><li>yasal taleplerin ileri s\u00fcr\u00fclmesi, uygulanmas\u0131 veya savunulmas\u0131 i\u00e7in.<\/li><\/ul><div>\u00a0<\/div><p><strong>(6) \u0130\u015flemenin k\u0131s\u0131tlanmas\u0131 hakk\u0131<\/strong><\/p><p>A\u015fa\u011f\u0131daki ko\u015fullardan birinin kar\u015f\u0131lanmas\u0131 halinde ki\u015fisel verilerinizin i\u015flenmesini k\u0131s\u0131tlamam\u0131z\u0131 talep etme hakk\u0131na sahipsiniz:<\/p><ol><li>ki\u015fisel verilerin do\u011frulu\u011funa veri sahibi taraf\u0131ndan itiraz edilmesi halinde, kontrol\u00f6r\u00fcn ki\u015fisel verilerin do\u011frulu\u011funu teyit etmesine olanak tan\u0131yan bir s\u00fcre boyunca,<\/li><li>i\u015flemenin hukuka ayk\u0131r\u0131 olmas\u0131 ve veri sahibinin ki\u015fisel verilerin silinmesine kar\u015f\u0131 \u00e7\u0131kmas\u0131 ve bunun yerine kullan\u0131mlar\u0131n\u0131n k\u0131s\u0131tlanmas\u0131n\u0131 talep etmesi;<\/li><li>kontrol\u00f6r\u00fcn i\u015fleme ama\u00e7lar\u0131 i\u00e7in ki\u015fisel verilere art\u0131k ihtiya\u00e7 duymamas\u0131, ancak yasal taleplerin olu\u015fturulmas\u0131, uygulanmas\u0131 veya savunulmas\u0131 i\u00e7in veri sahibi taraf\u0131ndan gerekli olmas\u0131 veya<\/li><li>veri sahibinin GDPR Madde 21(1) uyar\u0131nca veri i\u015fleme faaliyetine itiraz etmesi halinde, veri sorumlusunun me\u015fru gerek\u00e7elerinin veri sahibinin me\u015fru gerek\u00e7elerinin \u00f6n\u00fcne ge\u00e7ip ge\u00e7medi\u011finin do\u011frulanmas\u0131.<\/li><\/ol><p>\u0130\u015flemenin yukar\u0131daki ko\u015fullara uygun olarak k\u0131s\u0131tland\u0131\u011f\u0131 durumlarda, s\u00f6z konusu ki\u015fisel veriler, depolama hari\u00e7 olmak \u00fczere, yaln\u0131zca veri sahibinin r\u0131zas\u0131yla veya yasal taleplerin olu\u015fturulmas\u0131, uygulanmas\u0131 veya savunulmas\u0131 i\u00e7in veya ba\u015fka bir ger\u00e7ek veya t\u00fczel ki\u015finin haklar\u0131n\u0131n korunmas\u0131 i\u00e7in veya Birli\u011fin veya bir \u00dcye Devletin \u00f6nemli kamu yarar\u0131 nedenleriyle i\u015flenecektir.<\/p><p>\u0130\u015flemenin k\u0131s\u0131tlanmas\u0131 hakk\u0131n\u0131 ileri s\u00fcrmek i\u00e7in, veri sahibi yukar\u0131da verilen ileti\u015fim bilgilerini kullanarak istedi\u011fi zaman bizimle ileti\u015fime ge\u00e7ebilir.<\/p><p><strong>(7) Veri ta\u015f\u0131nabilirli\u011fi hakk\u0131<\/strong><\/p><p>Bize sa\u011flad\u0131\u011f\u0131n\u0131z sizinle ilgili ki\u015fisel verileri yap\u0131land\u0131r\u0131lm\u0131\u015f, yayg\u0131n olarak kullan\u0131lan ve makine taraf\u0131ndan okunabilir bir formatta alma hakk\u0131na sahipsiniz ve a\u015fa\u011f\u0131dakilerden birinin ge\u00e7erli oldu\u011fu durumlarda, ki\u015fisel verilerin sa\u011fland\u0131\u011f\u0131 denetleyiciden herhangi bir engelleme olmaks\u0131z\u0131n bu verileri ba\u015fka bir denetleyiciye iletme hakk\u0131na sahipsiniz<\/p><ul><li>i\u015flemenin GDPR Madde 6(1)(a) veya Madde 9(2)(a) uyar\u0131nca r\u0131zaya veya Madde 6(1)(b) uyar\u0131nca bir s\u00f6zle\u015fmeye dayal\u0131 olmas\u0131 ve<\/li><\/ul><ul><li>i\u015fleme otomatik prosed\u00fcrler kullan\u0131larak ger\u00e7ekle\u015ftirilir.<\/li><\/ul><p>Paragraf 1 uyar\u0131nca veri ta\u015f\u0131nabilirli\u011fi hakk\u0131n\u0131 kullan\u0131rken, teknik olarak m\u00fcmk\u00fcn oldu\u011fu durumlarda, ki\u015fisel verilerin do\u011frudan bir kontrol\u00f6rden di\u011ferine aktar\u0131lmas\u0131n\u0131 sa\u011flama hakk\u0131na sahipsiniz. Veri ta\u015f\u0131nabilirli\u011fi hakk\u0131n\u0131n kullan\u0131lmas\u0131, silme hakk\u0131n\u0131 (\"unutulma hakk\u0131\") etkilemez. Bu hak, kamu yarar\u0131na y\u00fcr\u00fct\u00fclen bir g\u00f6revin yerine getirilmesi veya kontrol\u00f6re verilen resmi yetkinin kullan\u0131lmas\u0131 i\u00e7in gerekli olan i\u015fleme i\u00e7in ge\u00e7erli de\u011fildir.<\/p><p><strong>(8) \u0130tiraz hakk\u0131<\/strong><\/p><p>GDPR Madde 6(1)'in (e) veya (f) bendine dayal\u0131 olarak, bu h\u00fck\u00fcmlere dayal\u0131 profil olu\u015fturma da dahil olmak \u00fczere, sizinle ilgili ki\u015fisel verilerin i\u015flenmesine, \u00f6zel durumunuzla ilgili gerek\u00e7elerle, istedi\u011finiz zaman itiraz etme hakk\u0131na sahipsiniz. Kontrol\u00f6r, veri sahibinin \u00e7\u0131karlar\u0131n\u0131, haklar\u0131n\u0131 ve \u00f6zg\u00fcrl\u00fcklerini ge\u00e7ersiz k\u0131lan i\u015fleme i\u00e7in veya yasal taleplerin olu\u015fturulmas\u0131, uygulanmas\u0131 veya savunulmas\u0131 i\u00e7in zorlay\u0131c\u0131 me\u015fru gerek\u00e7eler g\u00f6stermedik\u00e7e ki\u015fisel verileri art\u0131k i\u015flemeyecektir.<\/p><p>Ki\u015fisel verilerin do\u011frudan pazarlama amac\u0131yla i\u015flendi\u011fi durumlarda, s\u00f6z konusu do\u011frudan pazarlama ile ilgili oldu\u011fu \u00f6l\u00e7\u00fcde profil olu\u015fturmay\u0131 da i\u00e7eren bu t\u00fcr pazarlama i\u00e7in sizinle ilgili ki\u015fisel verilerin i\u015flenmesine istedi\u011finiz zaman itiraz etme hakk\u0131na sahipsiniz. Do\u011frudan pazarlama amac\u0131yla i\u015flenmesine itiraz ederseniz, ki\u015fisel veriler art\u0131k bu ama\u00e7lar i\u00e7in i\u015flenmeyecektir.<\/p><p>Bilgi toplumu hizmetlerinin kullan\u0131m\u0131 ba\u011flam\u0131nda ve 2002\/58\/EC say\u0131l\u0131 Direktife bak\u0131lmaks\u0131z\u0131n, teknik \u00f6zellikler kullan\u0131larak otomatik yollarla itiraz etme hakk\u0131n\u0131z\u0131 kullanabilirsiniz.<\/p><p>Kamu yarar\u0131 nedeniyle y\u00fcr\u00fct\u00fclen bir g\u00f6revin yerine getirilmesi i\u00e7in gerekli olmad\u0131\u011f\u0131 s\u00fcrece, \u00f6zel durumunuzla ilgili gerek\u00e7elerle, Madde 89(1) uyar\u0131nca bilimsel veya tarihi ara\u015ft\u0131rma ama\u00e7lar\u0131 veya istatistiksel ama\u00e7lar i\u00e7in sizinle ilgili ki\u015fisel verilerin i\u015flenmesine itiraz etme hakk\u0131na sahipsiniz.<\/p><p>\u0130lgili kontrol\u00f6rle ileti\u015fime ge\u00e7erek itiraz etme hakk\u0131n\u0131z\u0131 istedi\u011finiz zaman kullanabilirsiniz.<\/p><p><strong>(9) Profil olu\u015fturma da dahil olmak \u00fczere bireysel durumlarda otomatik kararlar<\/strong><\/p><p>Sizinle ilgili yasal etkiler do\u011furan veya benzer \u015fekilde sizi \u00f6nemli \u00f6l\u00e7\u00fcde etkileyen, profil olu\u015fturma da dahil olmak \u00fczere yaln\u0131zca otomatik i\u015flemeye dayal\u0131 bir karara tabi olmama hakk\u0131na sahipsiniz. Bu karar a\u015fa\u011f\u0131daki durumlarda ge\u00e7erli de\u011fildir:<\/p><ul><li>veri sahibi ile veri sorumlusu aras\u0131nda bir s\u00f6zle\u015fmenin imzalanmas\u0131 veya yerine getirilmesi i\u00e7in gerekli olmas\u0131,<\/li><li>kontrol\u00f6r\u00fcn tabi oldu\u011fu ve ayn\u0131 zamanda veri sahibinin hak ve \u00f6zg\u00fcrl\u00fckleri ile me\u015fru menfaatlerinin korunmas\u0131na y\u00f6nelik uygun tedbirleri belirleyen Birlik veya \u00dcye Devlet hukuku taraf\u0131ndan yetkilendirilmi\u015f olmas\u0131; veya<\/li><li>veri sahibinin a\u00e7\u0131k r\u0131zas\u0131 ile.<\/li><\/ul><p>Veri sorumlusu, veri sahibinin hak ve \u00f6zg\u00fcrl\u00fcklerini ve me\u015fru menfaatlerini, en az\u0131ndan veri sorumlusunun insan m\u00fcdahalesini elde etme, kendi bak\u0131\u015f a\u00e7\u0131s\u0131n\u0131 ifade etme ve karara itiraz etme hakk\u0131n\u0131 korumak i\u00e7in uygun tedbirleri uygulayacakt\u0131r.<\/p><p>Veri sahibi bu hakk\u0131n\u0131 istedi\u011fi zaman ilgili kontrol\u00f6rle ileti\u015fime ge\u00e7erek kullanabilir.<\/p><p><strong>(10) Bir denetim makam\u0131na \u015fikayette bulunma hakk\u0131<\/strong><\/p><p>Di\u011fer idari veya adli \u00e7\u00f6z\u00fcm yollar\u0131na halel getirmeksizin, veri sahibinin kendisiyle ilgili ki\u015fisel verilerin i\u015flenmesinin bu T\u00fcz\u00fc\u011f\u00fc ihlal etti\u011fini d\u00fc\u015f\u00fcnmesi halinde, \u00f6zellikle mutat meskeninizin, i\u015f yerinizin veya iddia edilen ihlalin ger\u00e7ekle\u015fti\u011fi yerin bulundu\u011fu \u00dcye Devletteki bir denetim makam\u0131na \u015fikayette bulunma hakk\u0131na da sahipsiniz.<\/p><p><strong>(11) Etkili bir yarg\u0131 yoluna ba\u015fvurma hakk\u0131<\/strong><\/p><p>uyar\u0131nca bir denetim makam\u0131na \u015fikayette bulunma hakk\u0131 da dahil olmak \u00fczere, mevcut herhangi bir idari veya yarg\u0131 d\u0131\u015f\u0131 \u00e7\u00f6z\u00fcm yoluna halel getirmeksizin\u00a0<a href=\"https:\/\/dsgvo-gesetz.de\/art-77-dsgvo\/\">Madde 77<\/a>Veri sahibi, ki\u015fisel verilerinin bu T\u00fcz\u00fc\u011fe uygun olmayan bir \u015fekilde i\u015flenmesi sonucunda bu T\u00fcz\u00fck kapsam\u0131ndaki haklar\u0131n\u0131n ihlal edildi\u011fini d\u00fc\u015f\u00fcnmesi halinde etkili bir yarg\u0131 yoluna ba\u015fvurma hakk\u0131na sahip olacakt\u0131r.<\/p>\t\t\t\t\t\t\t\t<\/div>\n\t\t\t\t<\/div>\n\t\t\t\t\t<\/div>\n\t\t\t\t<\/div>\n\t\t\t\t<\/div>","protected":false},"excerpt":{"rendered":"<p>Datenschutz Name und Kontakt des Verantwortlichen gem\u00e4\u00df Artikel 4 Abs. 7 DSGVO Firma: Medien Management Institut e.V. Anschrift:Im Mediapark 4c50670 K\u00f6ln Telefon: +49 (221) 9731 9961Telefax: +49 (221) 9731 9917E-Mail: office@memi-koeln.de Sicherheit und Schutz Ihrer personenbezogenen Daten Wir betrachten es als unsere vorrangige Aufgabe, die Vertraulichkeit der von Ihnen bereitgestellten personenbezogenen Daten zu wahren und [&hellip;]<\/p>\n","protected":false},"author":4,"featured_media":0,"parent":0,"menu_order":0,"comment_status":"closed","ping_status":"closed","template":"elementor_header_footer","meta":{"_monsterinsights_skip_tracking":false,"_monsterinsights_sitenote_active":false,"_monsterinsights_sitenote_note":"","_monsterinsights_sitenote_category":0,"footnotes":""},"class_list":["post-3","page","type-page","status-publish","hentry"],"yoast_head":"<!-- This site is optimized with the Yoast SEO plugin v27.0 - https:\/\/yoast.com\/product\/yoast-seo-wordpress\/ -->\n<title>Datenschutz - Gute-Quellen.Koeln<\/title>\n<meta name=\"robots\" content=\"index, follow, max-snippet:-1, max-image-preview:large, max-video-preview:-1\" \/>\n<link rel=\"canonical\" href=\"https:\/\/gute-quellen.koeln\/tr\/datenschutz\/\" \/>\n<meta property=\"og:locale\" content=\"tr_TR\" \/>\n<meta property=\"og:type\" content=\"article\" \/>\n<meta property=\"og:title\" content=\"Datenschutz - Gute-Quellen.Koeln\" \/>\n<meta property=\"og:description\" content=\"Datenschutz Name und Kontakt des Verantwortlichen gem\u00e4\u00df Artikel 4 Abs. 7 DSGVO Firma: Medien Management Institut e.V. Anschrift:Im Mediapark 4c50670 K\u00f6ln Telefon: +49 (221) 9731 9961Telefax: +49 (221) 9731 9917E-Mail: office@memi-koeln.de Sicherheit und Schutz Ihrer personenbezogenen Daten Wir betrachten es als unsere vorrangige Aufgabe, die Vertraulichkeit der von Ihnen bereitgestellten personenbezogenen Daten zu wahren und [&hellip;]\" \/>\n<meta property=\"og:url\" content=\"https:\/\/gute-quellen.koeln\/tr\/datenschutz\/\" \/>\n<meta property=\"og:site_name\" content=\"Gute-Quellen.Koeln\" \/>\n<meta property=\"article:modified_time\" content=\"2024-01-02T11:16:42+00:00\" \/>\n<meta name=\"twitter:card\" content=\"summary_large_image\" \/>\n<meta name=\"twitter:label1\" content=\"Tahmini okuma s\u00fcresi\" \/>\n\t<meta name=\"twitter:data1\" content=\"19 dakika\" \/>\n<script type=\"application\/ld+json\" class=\"yoast-schema-graph\">{\"@context\":\"https:\/\/schema.org\",\"@graph\":[{\"@type\":\"WebPage\",\"@id\":\"https:\/\/gute-quellen.koeln\/datenschutz\/\",\"url\":\"https:\/\/gute-quellen.koeln\/datenschutz\/\",\"name\":\"Datenschutz - Gute-Quellen.Koeln\",\"isPartOf\":{\"@id\":\"https:\/\/gute-quellen.koeln\/#website\"},\"datePublished\":\"2023-11-05T08:42:57+00:00\",\"dateModified\":\"2024-01-02T11:16:42+00:00\",\"breadcrumb\":{\"@id\":\"https:\/\/gute-quellen.koeln\/datenschutz\/#breadcrumb\"},\"inLanguage\":\"tr\",\"potentialAction\":[{\"@type\":\"ReadAction\",\"target\":[\"https:\/\/gute-quellen.koeln\/datenschutz\/\"]}]},{\"@type\":\"BreadcrumbList\",\"@id\":\"https:\/\/gute-quellen.koeln\/datenschutz\/#breadcrumb\",\"itemListElement\":[{\"@type\":\"ListItem\",\"position\":1,\"name\":\"Startseite\",\"item\":\"https:\/\/gute-quellen.koeln\/\"},{\"@type\":\"ListItem\",\"position\":2,\"name\":\"Datenschutz\"}]},{\"@type\":\"WebSite\",\"@id\":\"https:\/\/gute-quellen.koeln\/#website\",\"url\":\"https:\/\/gute-quellen.koeln\/\",\"name\":\"Gute-Quellen.Koeln\",\"description\":\"Finanzielle Hilfen, Beratung, Spartipps und Teilhabe bei drohendem Wohnungsverlust und drohender Altersarmut.\",\"publisher\":{\"@id\":\"https:\/\/gute-quellen.koeln\/#organization\"},\"potentialAction\":[{\"@type\":\"SearchAction\",\"target\":{\"@type\":\"EntryPoint\",\"urlTemplate\":\"https:\/\/gute-quellen.koeln\/?s={search_term_string}\"},\"query-input\":{\"@type\":\"PropertyValueSpecification\",\"valueRequired\":true,\"valueName\":\"search_term_string\"}}],\"inLanguage\":\"tr\"},{\"@type\":\"Organization\",\"@id\":\"https:\/\/gute-quellen.koeln\/#organization\",\"name\":\"Medienmanagement Institut e.V.\",\"url\":\"https:\/\/gute-quellen.koeln\/\",\"logo\":{\"@type\":\"ImageObject\",\"inLanguage\":\"tr\",\"@id\":\"https:\/\/gute-quellen.koeln\/#\/schema\/logo\/image\/\",\"url\":\"https:\/\/gute-quellen.koeln\/wp-content\/uploads\/2020\/07\/gute-quellen-logo-ideen-1.png\",\"contentUrl\":\"https:\/\/gute-quellen.koeln\/wp-content\/uploads\/2020\/07\/gute-quellen-logo-ideen-1.png\",\"width\":313,\"height\":313,\"caption\":\"Medienmanagement Institut e.V.\"},\"image\":{\"@id\":\"https:\/\/gute-quellen.koeln\/#\/schema\/logo\/image\/\"}}]}<\/script>\n<!-- \/ Yoast SEO plugin. -->","yoast_head_json":{"title":"Datenschutz - Gute-Quellen.Koeln","robots":{"index":"index","follow":"follow","max-snippet":"max-snippet:-1","max-image-preview":"max-image-preview:large","max-video-preview":"max-video-preview:-1"},"canonical":"https:\/\/gute-quellen.koeln\/tr\/datenschutz\/","og_locale":"tr_TR","og_type":"article","og_title":"Datenschutz - Gute-Quellen.Koeln","og_description":"Datenschutz Name und Kontakt des Verantwortlichen gem\u00e4\u00df Artikel 4 Abs. 7 DSGVO Firma: Medien Management Institut e.V. Anschrift:Im Mediapark 4c50670 K\u00f6ln Telefon: +49 (221) 9731 9961Telefax: +49 (221) 9731 9917E-Mail: office@memi-koeln.de Sicherheit und Schutz Ihrer personenbezogenen Daten Wir betrachten es als unsere vorrangige Aufgabe, die Vertraulichkeit der von Ihnen bereitgestellten personenbezogenen Daten zu wahren und [&hellip;]","og_url":"https:\/\/gute-quellen.koeln\/tr\/datenschutz\/","og_site_name":"Gute-Quellen.Koeln","article_modified_time":"2024-01-02T11:16:42+00:00","twitter_card":"summary_large_image","twitter_misc":{"Tahmini okuma s\u00fcresi":"19 dakika"},"schema":{"@context":"https:\/\/schema.org","@graph":[{"@type":"WebPage","@id":"https:\/\/gute-quellen.koeln\/datenschutz\/","url":"https:\/\/gute-quellen.koeln\/datenschutz\/","name":"Datenschutz - Gute-Quellen.Koeln","isPartOf":{"@id":"https:\/\/gute-quellen.koeln\/#website"},"datePublished":"2023-11-05T08:42:57+00:00","dateModified":"2024-01-02T11:16:42+00:00","breadcrumb":{"@id":"https:\/\/gute-quellen.koeln\/datenschutz\/#breadcrumb"},"inLanguage":"tr","potentialAction":[{"@type":"ReadAction","target":["https:\/\/gute-quellen.koeln\/datenschutz\/"]}]},{"@type":"BreadcrumbList","@id":"https:\/\/gute-quellen.koeln\/datenschutz\/#breadcrumb","itemListElement":[{"@type":"ListItem","position":1,"name":"Startseite","item":"https:\/\/gute-quellen.koeln\/"},{"@type":"ListItem","position":2,"name":"Datenschutz"}]},{"@type":"WebSite","@id":"https:\/\/gute-quellen.koeln\/#website","url":"https:\/\/gute-quellen.koeln\/","name":"Good-Sources.Cologne","description":"Finansal yard\u0131m, dan\u0131\u015fmanl\u0131k, tasarruf \u00f6nerileri ve ya\u015fl\u0131l\u0131kta yakla\u015fan konut kayb\u0131 ve yoksulluk durumunda kat\u0131l\u0131m.","publisher":{"@id":"https:\/\/gute-quellen.koeln\/#organization"},"potentialAction":[{"@type":"SearchAction","target":{"@type":"EntryPoint","urlTemplate":"https:\/\/gute-quellen.koeln\/?s={search_term_string}"},"query-input":{"@type":"PropertyValueSpecification","valueRequired":true,"valueName":"search_term_string"}}],"inLanguage":"tr"},{"@type":"Organization","@id":"https:\/\/gute-quellen.koeln\/#organization","name":"Medienmanagement Institut e.V.","url":"https:\/\/gute-quellen.koeln\/","logo":{"@type":"ImageObject","inLanguage":"tr","@id":"https:\/\/gute-quellen.koeln\/#\/schema\/logo\/image\/","url":"https:\/\/gute-quellen.koeln\/wp-content\/uploads\/2020\/07\/gute-quellen-logo-ideen-1.png","contentUrl":"https:\/\/gute-quellen.koeln\/wp-content\/uploads\/2020\/07\/gute-quellen-logo-ideen-1.png","width":313,"height":313,"caption":"Medienmanagement Institut e.V."},"image":{"@id":"https:\/\/gute-quellen.koeln\/#\/schema\/logo\/image\/"}}]}},"_links":{"self":[{"href":"https:\/\/gute-quellen.koeln\/tr\/wp-json\/wp\/v2\/pages\/3","targetHints":{"allow":["GET"]}}],"collection":[{"href":"https:\/\/gute-quellen.koeln\/tr\/wp-json\/wp\/v2\/pages"}],"about":[{"href":"https:\/\/gute-quellen.koeln\/tr\/wp-json\/wp\/v2\/types\/page"}],"author":[{"embeddable":true,"href":"https:\/\/gute-quellen.koeln\/tr\/wp-json\/wp\/v2\/users\/4"}],"replies":[{"embeddable":true,"href":"https:\/\/gute-quellen.koeln\/tr\/wp-json\/wp\/v2\/comments?post=3"}],"version-history":[{"count":20,"href":"https:\/\/gute-quellen.koeln\/tr\/wp-json\/wp\/v2\/pages\/3\/revisions"}],"predecessor-version":[{"id":10946,"href":"https:\/\/gute-quellen.koeln\/tr\/wp-json\/wp\/v2\/pages\/3\/revisions\/10946"}],"wp:attachment":[{"href":"https:\/\/gute-quellen.koeln\/tr\/wp-json\/wp\/v2\/media?parent=3"}],"curies":[{"name":"wp","href":"https:\/\/api.w.org\/{rel}","templated":true}]}}