{"version":"1.0","provider_name":"Good-Sources.Cologne","provider_url":"https:\/\/gute-quellen.koeln\/uk","author_name":"efkan","author_url":"https:\/\/gute-quellen.koeln\/uk\/author\/efkan\/","title":"Kirchen- und Sozialverb\u00e4nde - Gute-Quellen.Koeln","type":"rich","width":600,"height":338,"html":"<blockquote class=\"wp-embedded-content\" data-secret=\"a2KjR8BdgQ\"><a href=\"https:\/\/gute-quellen.koeln\/uk\/weitere-hilfen\/beratung-in-koeln\/kirchen-und-sozialverbaende\/\">\u0426\u0435\u0440\u043a\u043e\u0432\u043d\u0456 \u0442\u0430 \u0433\u0440\u043e\u043c\u0430\u0434\u0441\u044c\u043a\u0456 \u043e\u0440\u0433\u0430\u043d\u0456\u0437\u0430\u0446\u0456\u0457<\/a><\/blockquote><iframe sandbox=\"allow-scripts\" security=\"restricted\" src=\"https:\/\/gute-quellen.koeln\/uk\/weitere-hilfen\/beratung-in-koeln\/kirchen-und-sozialverbaende\/embed\/#?secret=a2KjR8BdgQ\" width=\"600\" height=\"338\" title=\"&#8220;Kirchen- und Sozialverb\u00e4nde&#8221; &#8212; Gute-Quellen.Koeln\" data-secret=\"a2KjR8BdgQ\" frameborder=\"0\" marginwidth=\"0\" marginheight=\"0\" scrolling=\"no\" class=\"wp-embedded-content\"><\/iframe><script type=\"text\/javascript\">\n\/* <![CDATA[ *\/\n\/*! This file is auto-generated *\/\n!function(d,l){\"use strict\";l.querySelector&&d.addEventListener&&\"undefined\"!=typeof URL&&(d.wp=d.wp||{},d.wp.receiveEmbedMessage||(d.wp.receiveEmbedMessage=function(e){var t=e.data;if((t||t.secret||t.message||t.value)&&!\/[^a-zA-Z0-9]\/.test(t.secret)){for(var s,r,n,a=l.querySelectorAll('iframe[data-secret=\"'+t.secret+'\"]'),o=l.querySelectorAll('blockquote[data-secret=\"'+t.secret+'\"]'),c=new RegExp(\"^https?:$\",\"i\"),i=0;i<o.length;i++)o[i].style.display=\"none\";for(i=0;i<a.length;i++)s=a[i],e.source===s.contentWindow&&(s.removeAttribute(\"style\"),\"height\"===t.message?(1e3<(r=parseInt(t.value,10))?r=1e3:~~r<200&&(r=200),s.height=r):\"link\"===t.message&&(r=new URL(s.getAttribute(\"src\")),n=new URL(t.value),c.test(n.protocol))&&n.host===r.host&&l.activeElement===s&&(d.top.location.href=t.value))}},d.addEventListener(\"message\",d.wp.receiveEmbedMessage,!1),l.addEventListener(\"DOMContentLoaded\",function(){for(var e,t,s=l.querySelectorAll(\"iframe.wp-embedded-content\"),r=0;r<s.length;r++)(t=(e=s[r]).getAttribute(\"data-secret\"))||(t=Math.random().toString(36).substring(2,12),e.src+=\"#?secret=\"+t,e.setAttribute(\"data-secret\",t)),e.contentWindow.postMessage({message:\"ready\",secret:t},\"*\")},!1)))}(window,document);\n\/\/# sourceURL=https:\/\/gute-quellen.koeln\/wp-includes\/js\/wp-embed.min.js\n\/* ]]> *\/\n<\/script>","description":"Kirchen- und Sozialverb\u00e4nde Die \u201cFachstelle Wohnen, wirtschaftliche Hilfen, ResoDienste\u201d vom Sozialamt bietet Unterst\u00fctzung f\u00fcr Menschen in K\u00f6ln, die mit Wohnungsproblemen konfrontiert sind oder in anderen schwierigen Lebenssituationen Hilfe ben\u00f6tigen. Dazu geh\u00f6ren finanzielle Hilfen, Beratung bei Wohnproblemen, Unterst\u00fctzung f\u00fcr Obdachlose und Personen, die soziale Schwierigkeiten bew\u00e4ltigen m\u00fcssen. F\u00fcr wen ist Wohngeld gedacht? Wohngeldberechtigt sind Mieter, Untermieter, [&hellip;]","thumbnail_url":"https:\/\/gute-quellen.koeln\/wp-content\/uploads\/2023\/12\/Bildschirmfoto-2023-12-04-um-18.32.10.jpeg"}